{"id":857,"date":"2020-08-31T16:26:41","date_gmt":"2020-08-31T15:26:41","guid":{"rendered":"http:\/\/www.ajf-formation.fr\/ajf\/?page_id=42"},"modified":"2024-02-11T18:15:37","modified_gmt":"2024-02-11T17:15:37","slug":"generales","status":"publish","type":"page","link":"https:\/\/www.ajf-formation.fr\/ajf2\/generales\/","title":{"rendered":"Formations g\u00e9n\u00e9rales"},"content":{"rendered":"\n<style type=\"text\/css\" data-created_by=\"avia_inline_auto\" id=\"style-css-av-lco5i9wy-56282fe8b8cf6280b9b8c51ec66b3a0b\">\n.avia-section.av-lco5i9wy-56282fe8b8cf6280b9b8c51ec66b3a0b{\nbackground-repeat:no-repeat;\nbackground-image:url(https:\/\/www.ajf-formation.fr\/ajf2\/wp-content\/uploads\/savoir-apprendre.jpg);\nbackground-position:50% 50%;\nbackground-attachment:scroll;\nmargin-top:0px;\nmargin-bottom:0px;\n}\n.avia-section.av-lco5i9wy-56282fe8b8cf6280b9b8c51ec66b3a0b .av-section-color-overlay{\nopacity:0.7;\nbackground-color:#222222;\nbackground-image:url(https:\/\/www.ajf-formation.fr\/ajf2\/wp-content\/themes\/enfold\/images\/background-images\/grain_bottom.png);\nbackground-repeat:repeat;\n}\n<\/style>\n<div id='av_section_1'  class='avia-section av-lco5i9wy-56282fe8b8cf6280b9b8c51ec66b3a0b main_color avia-section-no-padding avia-no-border-styling  avia-builder-el-0  el_before_av_section  avia-builder-el-first  avia-full-stretch avia-bg-style-scroll av-section-color-overlay-active av-minimum-height av-minimum-height-custom av-height-custom  container_wrap sidebar_right'  data-section-bg-repeat='stretch' data-av_minimum_height_px='350'><div class=\"av-section-color-overlay-wrap\"><div class=\"av-section-color-overlay\"><\/div><div class='container av-section-cont-open' style='height:350px'><main  role=\"main\" itemprop=\"mainContentOfPage\"  class='template-page content  av-content-small alpha units'><div class='post-entry post-entry-type-page post-entry-857'><div class='entry-content-wrapper clearfix'>\n\n<style type=\"text\/css\" data-created_by=\"avia_inline_auto\" id=\"style-css-av-lco5kyep-e94828cdbf84875570c76e2b71cab3d4\">\n#top .av-special-heading.av-lco5kyep-e94828cdbf84875570c76e2b71cab3d4{\ncolor:#fff087;\n}\nbody .av-special-heading.av-lco5kyep-e94828cdbf84875570c76e2b71cab3d4 .av-special-heading-tag .heading-char{\nfont-size:25px;\n}\n.av-special-heading.av-lco5kyep-e94828cdbf84875570c76e2b71cab3d4 .special-heading-inner-border{\nborder-color:#fff087;\n}\n.av-special-heading.av-lco5kyep-e94828cdbf84875570c76e2b71cab3d4 .av-subheading{\nfont-size:15px;\n}\n<\/style>\n<div  class='av-special-heading av-lco5kyep-e94828cdbf84875570c76e2b71cab3d4 av-special-heading-h1 custom-color-heading blockquote modern-quote modern-centered  avia-builder-el-1  avia-builder-el-no-sibling '><h1 class='av-special-heading-tag'  itemprop=\"headline\"  >Formations g\u00e9n\u00e9rales<\/h1><div class=\"special-heading-border\"><div class=\"special-heading-inner-border\"><\/div><\/div><\/div>\n\n<\/div><\/div><\/main><!-- close content main element --><\/div><\/div><\/div>\n<style type=\"text\/css\" data-created_by=\"avia_inline_auto\" id=\"style-css-av-lco66z0p-e354de6cc9119030be0ada06bb6c0315\">\n.avia-section.av-lco66z0p-e354de6cc9119030be0ada06bb6c0315{\nmargin-top:0px;\nmargin-bottom:0px;\n}\n<\/style>\n<div id='av_section_2'  class='avia-section av-lco66z0p-e354de6cc9119030be0ada06bb6c0315 footer_color avia-section-small avia-no-border-styling  avia-builder-el-2  el_after_av_section  el_before_av_blog  avia-bg-style-scroll container_wrap sidebar_right'  ><div class='container av-section-cont-open' ><div class='template-page content  av-content-small alpha units'><div class='post-entry post-entry-type-page post-entry-857'><div class='entry-content-wrapper clearfix'>\n\n<style type=\"text\/css\" data-created_by=\"avia_inline_auto\" id=\"style-css-av-lf0eegbb-d984b79b18af143d50ca9d33290fa8c5\">\n#top .flex_column.av-lf0eegbb-d984b79b18af143d50ca9d33290fa8c5{\nmargin-top:0px;\nmargin-bottom:0px;\n}\n.flex_column.av-lf0eegbb-d984b79b18af143d50ca9d33290fa8c5{\npadding:0 0 0 75px;\n}\n.responsive #top #wrap_all .flex_column.av-lf0eegbb-d984b79b18af143d50ca9d33290fa8c5{\nmargin-top:0px;\nmargin-bottom:0px;\n}\n<\/style>\n<div  class='flex_column av-lf0eegbb-d984b79b18af143d50ca9d33290fa8c5 av_one_full  avia-builder-el-3  avia-builder-el-no-sibling  first no_margin flex_column_div  '     ><style type=\"text\/css\" data-created_by=\"avia_inline_auto\" id=\"style-css-av-lco65wg6-820b398989b7d5b8353f83e392a84e82\">\n#top .av_textblock_section.av-lco65wg6-820b398989b7d5b8353f83e392a84e82 .avia_textblock{\nfont-size:1.25rem;\ncolor:#dddddd;\ncolumn-count:4;\ncolumn-gap:2%;\n}\n\n@media only screen and (max-width: 479px){ \n#top .av_textblock_section.av-lco65wg6-820b398989b7d5b8353f83e392a84e82 .avia_textblock{\ncolumn-count:1;\n}\n.av_textblock_section.av-lco65wg6-820b398989b7d5b8353f83e392a84e82 .avia_textblock.av_multi_colums > p:first-child{\nmargin-top:0.85em;\n}\n}\n<\/style>\n<section  class='av_textblock_section av-lco65wg6-820b398989b7d5b8353f83e392a84e82 '   itemscope=\"itemscope\" itemtype=\"https:\/\/schema.org\/CreativeWork\" ><div class='avia_textblock av_multi_colums av_inherit_color'  itemprop=\"text\" ><p>\u2714 C.S.E (Comit\u00e9 Social \u00c9conomique)<\/p>\n<p>\u2714 C.S.S.C.T<\/p>\n<p>\u2714 C.S.T (membres, pr\u00e9sidents et secr\u00e9taires)<\/p>\n<p>\u2714 C.S.H\/C.S.A<\/p>\n<p>\u2714 Parit\u00e9 hommes\/femmes<\/p>\n<p>\u2714 P\u00e9nibilit\u00e9 au travail<\/p>\n<p>\u2714 Ports des E.P.I.<\/p>\n<p>\u2714 H.A.C.C.P : Hazard analysis critical control point<\/p>\n<p>\u2714 Hygi\u00e8ne restauration commerciale<\/p>\n<p>\u2714 Arbre des causes<\/p>\n<p>\u2714 Document unique (D.U.)<\/p>\n<p>\u2714 Risques psycho-sociaux<\/p>\n<p>\u2714 Gestion des conflits<\/p>\n<p>\u2714 Addictologie<\/p>\n<p>\u2714 Signalisation chantiers fixes\/mobiles<\/p>\n<p>\u2714 Risques routiers<\/p>\n<p>\u2714 \u00c9coconduite<\/p>\n<p>\u2714 Utilisation des tron\u00e7onneuses<\/p>\n<p>\u2714 P.P.M.S (Plan Particulier de Mise en S\u00e9curit\u00e9)<\/p>\n<\/div><\/section><\/div>\n<\/div><\/div><\/div><!-- close content main div --><\/div><\/div><div id='after_section_2'  class='main_color av_default_container_wrap container_wrap sidebar_right'  ><div class='container av-section-cont-open' ><div class='template-page content  av-content-small alpha units'><div class='post-entry post-entry-type-page post-entry-857'><div class='entry-content-wrapper clearfix'>\n<div  data-slideshow-options=\"{&quot;animation&quot;:&quot;fade&quot;,&quot;autoplay&quot;:false,&quot;loop_autoplay&quot;:&quot;once&quot;,&quot;interval&quot;:5,&quot;loop_manual&quot;:&quot;manual-endless&quot;,&quot;autoplay_stopper&quot;:false,&quot;noNavigation&quot;:false,&quot;show_slide_delay&quot;:90}\" class='avia-content-slider avia-content-grid-active avia-content-slider1 avia-content-slider-odd  avia-builder-el-5  el_after_av_section  avia-builder-el-no-sibling  av-slideshow-ui av-control-default   av-no-slider-navigation av-slideshow-manual av-loop-once av-loop-manual-endless '  itemscope=\"itemscope\" itemtype=\"https:\/\/schema.org\/Blog\" ><div class=\"avia-content-slider-inner\"><div class=\"slide-entry-wrap\"><article class='slide-entry flex_column  post-entry post-entry-1690 slide-entry-overview slide-loop-1 slide-parity-odd  av_one_third first fake-thumbnail posttype-post post-format-standard'  itemscope=\"itemscope\" itemtype=\"https:\/\/schema.org\/CreativeWork\" ><a href='https:\/\/www.ajf-formation.fr\/ajf2\/la-commission-sante-securite-et-conditions-de-travail-cssct\/' data-rel='slide-1' class='slide-image' title='La Commission Sant\u00e9 S\u00e9curit\u00e9 et Conditions de Travail (CSSCT)'><span class='fallback-post-type-icon' aria-hidden='true' data-av_icon='\ue836' data-av_iconfont='entypo-fontello'><\/span><span class='slider-fallback-image'><img loading=\"lazy\" decoding=\"async\" width=\"495\" height=\"400\" src=\"https:\/\/www.ajf-formation.fr\/ajf2\/wp-content\/uploads\/EPI-548852-pxh-1-495x400.jpg\" class=\"wp-image-1944 avia-img-lazy-loading-1944 attachment-portfolio size-portfolio wp-post-image\" alt=\"EPI - \u00c9quipement de Protection Individuelle\" srcset=\"https:\/\/www.ajf-formation.fr\/ajf2\/wp-content\/uploads\/EPI-548852-pxh-1-495x400.jpg 495w, https:\/\/www.ajf-formation.fr\/ajf2\/wp-content\/uploads\/EPI-548852-pxh-1-845x684.jpg 845w\" sizes=\"auto, (max-width: 495px) 100vw, 495px\" \/><small class='avia-copyright'>Dom. Pub.<\/small><\/span><\/a><div class=\"slide-content\"><header class=\"entry-content-header\"><h3 class='slide-entry-title entry-title '  itemprop=\"headline\" ><a href='https:\/\/www.ajf-formation.fr\/ajf2\/la-commission-sante-securite-et-conditions-de-travail-cssct\/' title='La Commission Sant\u00e9 S\u00e9curit\u00e9 et Conditions de Travail (CSSCT)'>La Commission Sant\u00e9 S\u00e9curit\u00e9 et Conditions de Travail (CSSCT)<\/a><\/h3><span class=\"av-vertical-delimiter\"><\/span><\/header><\/div><footer class=\"entry-footer\"><\/footer><span class='hidden'>\n\t\t\t\t<span class='av-structured-data'  itemprop=\"image\" itemscope=\"itemscope\" itemtype=\"https:\/\/schema.org\/ImageObject\" >\n\t\t\t\t\t\t<span itemprop='url'>https:\/\/www.ajf-formation.fr\/ajf2\/wp-content\/uploads\/ajf-logo-2022-K.png<\/span>\n\t\t\t\t\t\t<span itemprop='height'>0<\/span>\n\t\t\t\t\t\t<span itemprop='width'>0<\/span>\n\t\t\t\t<\/span>\n\t\t\t\t<span class='av-structured-data'  itemprop=\"publisher\" itemtype=\"https:\/\/schema.org\/Organization\" itemscope=\"itemscope\" >\n\t\t\t\t\t\t<span itemprop='name'>AJF Formation<\/span>\n\t\t\t\t\t\t<span itemprop='logo' itemscope itemtype='https:\/\/schema.org\/ImageObject'>\n\t\t\t\t\t\t\t<span itemprop='url'>https:\/\/www.ajf-formation.fr\/ajf2\/wp-content\/uploads\/ajf-logo-2022-K.png<\/span>\n\t\t\t\t\t\t<\/span>\n\t\t\t\t<\/span><span class='av-structured-data'  itemprop=\"author\" itemscope=\"itemscope\" itemtype=\"https:\/\/schema.org\/Person\" ><span itemprop='name'>AJF Formation<\/span><\/span><span class='av-structured-data'  itemprop=\"datePublished\" datetime=\"2020-08-31T16:26:41+02:00\" >2024-01-23 15:19:18<\/span><span class='av-structured-data'  itemprop=\"dateModified\" itemtype=\"https:\/\/schema.org\/dateModified\" >2025-10-28 14:50:25<\/span><span class='av-structured-data'  itemprop=\"mainEntityOfPage\" itemtype=\"https:\/\/schema.org\/mainEntityOfPage\" ><span itemprop='name'>La Commission Sant\u00e9 S\u00e9curit\u00e9 et Conditions de Travail (CSSCT)<\/span><\/span><\/span><\/article><article class='slide-entry flex_column  post-entry post-entry-1688 slide-entry-overview slide-loop-2 slide-parity-even  av_one_third  fake-thumbnail posttype-post post-format-standard'  itemscope=\"itemscope\" itemtype=\"https:\/\/schema.org\/CreativeWork\" ><a href='https:\/\/www.ajf-formation.fr\/ajf2\/formation-economique-des-membres-du-cse\/' data-rel='slide-1' class='slide-image' title='Formation \u00e9conomique des membres du CSE'><span class='fallback-post-type-icon' aria-hidden='true' data-av_icon='\ue836' data-av_iconfont='entypo-fontello'><\/span><span class='slider-fallback-image'><img loading=\"lazy\" decoding=\"async\" width=\"495\" height=\"400\" src=\"https:\/\/www.ajf-formation.fr\/ajf2\/wp-content\/uploads\/EPI-548852-pxh-1-495x400.jpg\" class=\"wp-image-1944 avia-img-lazy-loading-1944 attachment-portfolio size-portfolio wp-post-image\" alt=\"EPI - \u00c9quipement de Protection Individuelle\" srcset=\"https:\/\/www.ajf-formation.fr\/ajf2\/wp-content\/uploads\/EPI-548852-pxh-1-495x400.jpg 495w, https:\/\/www.ajf-formation.fr\/ajf2\/wp-content\/uploads\/EPI-548852-pxh-1-845x684.jpg 845w\" sizes=\"auto, (max-width: 495px) 100vw, 495px\" \/><small class='avia-copyright'>Dom. Pub.<\/small><\/span><\/a><div class=\"slide-content\"><header class=\"entry-content-header\"><h3 class='slide-entry-title entry-title '  itemprop=\"headline\" ><a href='https:\/\/www.ajf-formation.fr\/ajf2\/formation-economique-des-membres-du-cse\/' title='Formation \u00e9conomique des membres du CSE'>Formation \u00e9conomique des membres du CSE<\/a><\/h3><span class=\"av-vertical-delimiter\"><\/span><\/header><\/div><footer class=\"entry-footer\"><\/footer><span class='hidden'>\n\t\t\t\t<span class='av-structured-data'  itemprop=\"image\" itemscope=\"itemscope\" itemtype=\"https:\/\/schema.org\/ImageObject\" >\n\t\t\t\t\t\t<span itemprop='url'>https:\/\/www.ajf-formation.fr\/ajf2\/wp-content\/uploads\/ajf-logo-2022-K.png<\/span>\n\t\t\t\t\t\t<span itemprop='height'>0<\/span>\n\t\t\t\t\t\t<span itemprop='width'>0<\/span>\n\t\t\t\t<\/span>\n\t\t\t\t<span class='av-structured-data'  itemprop=\"publisher\" itemtype=\"https:\/\/schema.org\/Organization\" itemscope=\"itemscope\" >\n\t\t\t\t\t\t<span itemprop='name'>AJF Formation<\/span>\n\t\t\t\t\t\t<span itemprop='logo' itemscope itemtype='https:\/\/schema.org\/ImageObject'>\n\t\t\t\t\t\t\t<span itemprop='url'>https:\/\/www.ajf-formation.fr\/ajf2\/wp-content\/uploads\/ajf-logo-2022-K.png<\/span>\n\t\t\t\t\t\t<\/span>\n\t\t\t\t<\/span><span class='av-structured-data'  itemprop=\"author\" itemscope=\"itemscope\" itemtype=\"https:\/\/schema.org\/Person\" ><span itemprop='name'>AJF Formation<\/span><\/span><span class='av-structured-data'  itemprop=\"datePublished\" datetime=\"2020-08-31T16:26:41+02:00\" >2024-01-23 15:19:14<\/span><span class='av-structured-data'  itemprop=\"dateModified\" itemtype=\"https:\/\/schema.org\/dateModified\" >2025-11-18 14:54:29<\/span><span class='av-structured-data'  itemprop=\"mainEntityOfPage\" itemtype=\"https:\/\/schema.org\/mainEntityOfPage\" ><span itemprop='name'>Formation \u00e9conomique des membres du CSE<\/span><\/span><\/span><\/article><article class='slide-entry flex_column  post-entry post-entry-1698 slide-entry-overview slide-loop-3 slide-parity-odd  av_one_third  fake-thumbnail posttype-post post-format-standard'  itemscope=\"itemscope\" itemtype=\"https:\/\/schema.org\/CreativeWork\" ><a href='https:\/\/www.ajf-formation.fr\/ajf2\/comprendre-et-manager-les-risques-psychosociaux-en-entreprise\/' data-rel='slide-1' class='slide-image' title='Comprendre et manager les risques psychosociaux en entreprise'><span class='fallback-post-type-icon' aria-hidden='true' data-av_icon='\ue836' data-av_iconfont='entypo-fontello'><\/span><span class='slider-fallback-image'><img loading=\"lazy\" decoding=\"async\" width=\"495\" height=\"400\" src=\"https:\/\/www.ajf-formation.fr\/ajf2\/wp-content\/uploads\/EPI-548852-pxh-1-495x400.jpg\" class=\"wp-image-1944 avia-img-lazy-loading-1944 attachment-portfolio size-portfolio wp-post-image\" alt=\"EPI - \u00c9quipement de Protection Individuelle\" srcset=\"https:\/\/www.ajf-formation.fr\/ajf2\/wp-content\/uploads\/EPI-548852-pxh-1-495x400.jpg 495w, https:\/\/www.ajf-formation.fr\/ajf2\/wp-content\/uploads\/EPI-548852-pxh-1-845x684.jpg 845w\" sizes=\"auto, (max-width: 495px) 100vw, 495px\" \/><small class='avia-copyright'>Dom. Pub.<\/small><\/span><\/a><div class=\"slide-content\"><header class=\"entry-content-header\"><h3 class='slide-entry-title entry-title '  itemprop=\"headline\" ><a href='https:\/\/www.ajf-formation.fr\/ajf2\/comprendre-et-manager-les-risques-psychosociaux-en-entreprise\/' title='Comprendre et manager les risques psychosociaux en entreprise'>Comprendre et manager les risques psychosociaux en entreprise<\/a><\/h3><span class=\"av-vertical-delimiter\"><\/span><\/header><\/div><footer class=\"entry-footer\"><\/footer><span class='hidden'>\n\t\t\t\t<span class='av-structured-data'  itemprop=\"image\" itemscope=\"itemscope\" itemtype=\"https:\/\/schema.org\/ImageObject\" >\n\t\t\t\t\t\t<span itemprop='url'>https:\/\/www.ajf-formation.fr\/ajf2\/wp-content\/uploads\/ajf-logo-2022-K.png<\/span>\n\t\t\t\t\t\t<span itemprop='height'>0<\/span>\n\t\t\t\t\t\t<span itemprop='width'>0<\/span>\n\t\t\t\t<\/span>\n\t\t\t\t<span class='av-structured-data'  itemprop=\"publisher\" itemtype=\"https:\/\/schema.org\/Organization\" itemscope=\"itemscope\" >\n\t\t\t\t\t\t<span itemprop='name'>AJF Formation<\/span>\n\t\t\t\t\t\t<span itemprop='logo' itemscope itemtype='https:\/\/schema.org\/ImageObject'>\n\t\t\t\t\t\t\t<span itemprop='url'>https:\/\/www.ajf-formation.fr\/ajf2\/wp-content\/uploads\/ajf-logo-2022-K.png<\/span>\n\t\t\t\t\t\t<\/span>\n\t\t\t\t<\/span><span class='av-structured-data'  itemprop=\"author\" itemscope=\"itemscope\" itemtype=\"https:\/\/schema.org\/Person\" ><span itemprop='name'>AJF Formation<\/span><\/span><span class='av-structured-data'  itemprop=\"datePublished\" datetime=\"2020-08-31T16:26:41+02:00\" >2024-01-23 15:18:04<\/span><span class='av-structured-data'  itemprop=\"dateModified\" itemtype=\"https:\/\/schema.org\/dateModified\" >2025-11-14 11:24:35<\/span><span class='av-structured-data'  itemprop=\"mainEntityOfPage\" itemtype=\"https:\/\/schema.org\/mainEntityOfPage\" ><span itemprop='name'>Comprendre et manager les risques psychosociaux en entreprise<\/span><\/span><\/span><\/article><\/div><div class=\"slide-entry-wrap\"><article class='slide-entry flex_column  post-entry post-entry-1700 slide-entry-overview slide-loop-4 slide-parity-odd  av_one_third first fake-thumbnail posttype-post post-format-standard'  itemscope=\"itemscope\" itemtype=\"https:\/\/schema.org\/CreativeWork\" ><a href='https:\/\/www.ajf-formation.fr\/ajf2\/gerer-les-conflits-au-sein-de-son-equipe\/' data-rel='slide-1' class='slide-image' title='G\u00e9rer les conflits au sein de son \u00e9quipe'><span class='fallback-post-type-icon' aria-hidden='true' data-av_icon='\ue836' data-av_iconfont='entypo-fontello'><\/span><span class='slider-fallback-image'><img loading=\"lazy\" decoding=\"async\" width=\"495\" height=\"400\" src=\"https:\/\/www.ajf-formation.fr\/ajf2\/wp-content\/uploads\/EPI-548852-pxh-1-495x400.jpg\" class=\"wp-image-1944 avia-img-lazy-loading-1944 attachment-portfolio size-portfolio wp-post-image\" alt=\"EPI - \u00c9quipement de Protection Individuelle\" srcset=\"https:\/\/www.ajf-formation.fr\/ajf2\/wp-content\/uploads\/EPI-548852-pxh-1-495x400.jpg 495w, https:\/\/www.ajf-formation.fr\/ajf2\/wp-content\/uploads\/EPI-548852-pxh-1-845x684.jpg 845w\" sizes=\"auto, (max-width: 495px) 100vw, 495px\" \/><small class='avia-copyright'>Dom. Pub.<\/small><\/span><\/a><div class=\"slide-content\"><header class=\"entry-content-header\"><h3 class='slide-entry-title entry-title '  itemprop=\"headline\" ><a href='https:\/\/www.ajf-formation.fr\/ajf2\/gerer-les-conflits-au-sein-de-son-equipe\/' title='G\u00e9rer les conflits au sein de son \u00e9quipe'>G\u00e9rer les conflits au sein de son \u00e9quipe<\/a><\/h3><span class=\"av-vertical-delimiter\"><\/span><\/header><\/div><footer class=\"entry-footer\"><\/footer><span class='hidden'>\n\t\t\t\t<span class='av-structured-data'  itemprop=\"image\" itemscope=\"itemscope\" itemtype=\"https:\/\/schema.org\/ImageObject\" >\n\t\t\t\t\t\t<span itemprop='url'>https:\/\/www.ajf-formation.fr\/ajf2\/wp-content\/uploads\/ajf-logo-2022-K.png<\/span>\n\t\t\t\t\t\t<span itemprop='height'>0<\/span>\n\t\t\t\t\t\t<span itemprop='width'>0<\/span>\n\t\t\t\t<\/span>\n\t\t\t\t<span class='av-structured-data'  itemprop=\"publisher\" itemtype=\"https:\/\/schema.org\/Organization\" itemscope=\"itemscope\" >\n\t\t\t\t\t\t<span itemprop='name'>AJF Formation<\/span>\n\t\t\t\t\t\t<span itemprop='logo' itemscope itemtype='https:\/\/schema.org\/ImageObject'>\n\t\t\t\t\t\t\t<span itemprop='url'>https:\/\/www.ajf-formation.fr\/ajf2\/wp-content\/uploads\/ajf-logo-2022-K.png<\/span>\n\t\t\t\t\t\t<\/span>\n\t\t\t\t<\/span><span class='av-structured-data'  itemprop=\"author\" itemscope=\"itemscope\" itemtype=\"https:\/\/schema.org\/Person\" ><span itemprop='name'>AJF Formation<\/span><\/span><span class='av-structured-data'  itemprop=\"datePublished\" datetime=\"2020-08-31T16:26:41+02:00\" >2024-01-23 15:17:58<\/span><span class='av-structured-data'  itemprop=\"dateModified\" itemtype=\"https:\/\/schema.org\/dateModified\" >2025-11-14 10:22:59<\/span><span class='av-structured-data'  itemprop=\"mainEntityOfPage\" itemtype=\"https:\/\/schema.org\/mainEntityOfPage\" ><span itemprop='name'>G\u00e9rer les conflits au sein de son \u00e9quipe<\/span><\/span><\/span><\/article><article class='slide-entry flex_column  post-entry post-entry-1704 slide-entry-overview slide-loop-5 slide-parity-even  av_one_third  fake-thumbnail posttype-post post-format-standard'  itemscope=\"itemscope\" itemtype=\"https:\/\/schema.org\/CreativeWork\" ><a href='https:\/\/www.ajf-formation.fr\/ajf2\/eco-conduite\/' data-rel='slide-1' class='slide-image' title='Eco-conduite'><span class='fallback-post-type-icon' aria-hidden='true' data-av_icon='\ue836' data-av_iconfont='entypo-fontello'><\/span><span class='slider-fallback-image'><img loading=\"lazy\" decoding=\"async\" width=\"495\" height=\"400\" src=\"https:\/\/www.ajf-formation.fr\/ajf2\/wp-content\/uploads\/EPI-548852-pxh-1-495x400.jpg\" class=\"wp-image-1944 avia-img-lazy-loading-1944 attachment-portfolio size-portfolio wp-post-image\" alt=\"EPI - \u00c9quipement de Protection Individuelle\" srcset=\"https:\/\/www.ajf-formation.fr\/ajf2\/wp-content\/uploads\/EPI-548852-pxh-1-495x400.jpg 495w, https:\/\/www.ajf-formation.fr\/ajf2\/wp-content\/uploads\/EPI-548852-pxh-1-845x684.jpg 845w\" sizes=\"auto, (max-width: 495px) 100vw, 495px\" \/><small class='avia-copyright'>Dom. Pub.<\/small><\/span><\/a><div class=\"slide-content\"><header class=\"entry-content-header\"><h3 class='slide-entry-title entry-title '  itemprop=\"headline\" ><a href='https:\/\/www.ajf-formation.fr\/ajf2\/eco-conduite\/' title='Eco-conduite'>Eco-conduite<\/a><\/h3><span class=\"av-vertical-delimiter\"><\/span><\/header><\/div><footer class=\"entry-footer\"><\/footer><span class='hidden'>\n\t\t\t\t<span class='av-structured-data'  itemprop=\"image\" itemscope=\"itemscope\" itemtype=\"https:\/\/schema.org\/ImageObject\" >\n\t\t\t\t\t\t<span itemprop='url'>https:\/\/www.ajf-formation.fr\/ajf2\/wp-content\/uploads\/ajf-logo-2022-K.png<\/span>\n\t\t\t\t\t\t<span itemprop='height'>0<\/span>\n\t\t\t\t\t\t<span itemprop='width'>0<\/span>\n\t\t\t\t<\/span>\n\t\t\t\t<span class='av-structured-data'  itemprop=\"publisher\" itemtype=\"https:\/\/schema.org\/Organization\" itemscope=\"itemscope\" >\n\t\t\t\t\t\t<span itemprop='name'>AJF Formation<\/span>\n\t\t\t\t\t\t<span itemprop='logo' itemscope itemtype='https:\/\/schema.org\/ImageObject'>\n\t\t\t\t\t\t\t<span itemprop='url'>https:\/\/www.ajf-formation.fr\/ajf2\/wp-content\/uploads\/ajf-logo-2022-K.png<\/span>\n\t\t\t\t\t\t<\/span>\n\t\t\t\t<\/span><span class='av-structured-data'  itemprop=\"author\" itemscope=\"itemscope\" itemtype=\"https:\/\/schema.org\/Person\" ><span itemprop='name'>AJF Formation<\/span><\/span><span class='av-structured-data'  itemprop=\"datePublished\" datetime=\"2020-08-31T16:26:41+02:00\" >2024-01-23 15:17:18<\/span><span class='av-structured-data'  itemprop=\"dateModified\" itemtype=\"https:\/\/schema.org\/dateModified\" >2025-10-28 13:54:20<\/span><span class='av-structured-data'  itemprop=\"mainEntityOfPage\" itemtype=\"https:\/\/schema.org\/mainEntityOfPage\" ><span itemprop='name'>Eco-conduite<\/span><\/span><\/span><\/article><article class='slide-entry flex_column  post-entry post-entry-1708 slide-entry-overview slide-loop-6 slide-parity-odd  av_one_third  fake-thumbnail posttype-post post-format-standard'  itemscope=\"itemscope\" itemtype=\"https:\/\/schema.org\/CreativeWork\" ><a href='https:\/\/www.ajf-formation.fr\/ajf2\/p-p-m-s\/' data-rel='slide-1' class='slide-image' title='P.P.M.S'><span class='fallback-post-type-icon' aria-hidden='true' data-av_icon='\ue836' data-av_iconfont='entypo-fontello'><\/span><span class='slider-fallback-image'><img loading=\"lazy\" decoding=\"async\" width=\"495\" height=\"400\" src=\"https:\/\/www.ajf-formation.fr\/ajf2\/wp-content\/uploads\/EPI-548852-pxh-1-495x400.jpg\" class=\"wp-image-1944 avia-img-lazy-loading-1944 attachment-portfolio size-portfolio wp-post-image\" alt=\"EPI - \u00c9quipement de Protection Individuelle\" srcset=\"https:\/\/www.ajf-formation.fr\/ajf2\/wp-content\/uploads\/EPI-548852-pxh-1-495x400.jpg 495w, https:\/\/www.ajf-formation.fr\/ajf2\/wp-content\/uploads\/EPI-548852-pxh-1-845x684.jpg 845w\" sizes=\"auto, (max-width: 495px) 100vw, 495px\" \/><small class='avia-copyright'>Dom. Pub.<\/small><\/span><\/a><div class=\"slide-content\"><header class=\"entry-content-header\"><h3 class='slide-entry-title entry-title '  itemprop=\"headline\" ><a href='https:\/\/www.ajf-formation.fr\/ajf2\/p-p-m-s\/' title='P.P.M.S'>P.P.M.S<\/a><\/h3><span class=\"av-vertical-delimiter\"><\/span><\/header><\/div><footer class=\"entry-footer\"><\/footer><span class='hidden'>\n\t\t\t\t<span class='av-structured-data'  itemprop=\"image\" itemscope=\"itemscope\" itemtype=\"https:\/\/schema.org\/ImageObject\" >\n\t\t\t\t\t\t<span itemprop='url'>https:\/\/www.ajf-formation.fr\/ajf2\/wp-content\/uploads\/ajf-logo-2022-K.png<\/span>\n\t\t\t\t\t\t<span itemprop='height'>0<\/span>\n\t\t\t\t\t\t<span itemprop='width'>0<\/span>\n\t\t\t\t<\/span>\n\t\t\t\t<span class='av-structured-data'  itemprop=\"publisher\" itemtype=\"https:\/\/schema.org\/Organization\" itemscope=\"itemscope\" >\n\t\t\t\t\t\t<span itemprop='name'>AJF Formation<\/span>\n\t\t\t\t\t\t<span itemprop='logo' itemscope itemtype='https:\/\/schema.org\/ImageObject'>\n\t\t\t\t\t\t\t<span itemprop='url'>https:\/\/www.ajf-formation.fr\/ajf2\/wp-content\/uploads\/ajf-logo-2022-K.png<\/span>\n\t\t\t\t\t\t<\/span>\n\t\t\t\t<\/span><span class='av-structured-data'  itemprop=\"author\" itemscope=\"itemscope\" itemtype=\"https:\/\/schema.org\/Person\" ><span itemprop='name'>AJF Formation<\/span><\/span><span class='av-structured-data'  itemprop=\"datePublished\" datetime=\"2020-08-31T16:26:41+02:00\" >2024-01-23 15:16:43<\/span><span class='av-structured-data'  itemprop=\"dateModified\" itemtype=\"https:\/\/schema.org\/dateModified\" >2024-01-23 15:16:43<\/span><span class='av-structured-data'  itemprop=\"mainEntityOfPage\" itemtype=\"https:\/\/schema.org\/mainEntityOfPage\" ><span itemprop='name'>P.P.M.S<\/span><\/span><\/span><\/article><\/div><div class=\"slide-entry-wrap\"><article class='slide-entry flex_column  post-entry post-entry-1694 slide-entry-overview slide-loop-7 slide-parity-odd  av_one_third first real-thumbnail posttype-post post-format-standard'  itemscope=\"itemscope\" itemtype=\"https:\/\/schema.org\/CreativeWork\" ><a href='https:\/\/www.ajf-formation.fr\/ajf2\/parite-homme-femme-au-travail\/' data-rel='slide-1' class='slide-image' title='Parit\u00e9 homme femme au travail'><img loading=\"lazy\" decoding=\"async\" width=\"495\" height=\"400\" src=\"https:\/\/www.ajf-formation.fr\/ajf2\/wp-content\/uploads\/parite-au-travail-495x400.jpg\" class=\"wp-image-225 avia-img-lazy-loading-225 attachment-portfolio size-portfolio wp-post-image\" alt=\"Hommes et femmes : la parit\u00e9 au travail\" srcset=\"https:\/\/www.ajf-formation.fr\/ajf2\/wp-content\/uploads\/parite-au-travail-495x400.jpg 495w, https:\/\/www.ajf-formation.fr\/ajf2\/wp-content\/uploads\/parite-au-travail-845x684.jpg 845w\" sizes=\"auto, (max-width: 495px) 100vw, 495px\" \/><\/a><div class=\"slide-content\"><header class=\"entry-content-header\"><h3 class='slide-entry-title entry-title '  itemprop=\"headline\" ><a href='https:\/\/www.ajf-formation.fr\/ajf2\/parite-homme-femme-au-travail\/' title='Parit\u00e9 homme femme au travail'>Parit\u00e9 homme femme au travail<\/a><\/h3><span class=\"av-vertical-delimiter\"><\/span><\/header><\/div><footer class=\"entry-footer\"><\/footer><span class='hidden'>\n\t\t\t\t<span class='av-structured-data'  itemprop=\"image\" itemscope=\"itemscope\" itemtype=\"https:\/\/schema.org\/ImageObject\" >\n\t\t\t\t\t\t<span itemprop='url'>https:\/\/www.ajf-formation.fr\/ajf2\/wp-content\/uploads\/parite-au-travail.jpg<\/span>\n\t\t\t\t\t\t<span itemprop='height'>1250<\/span>\n\t\t\t\t\t\t<span itemprop='width'>2000<\/span>\n\t\t\t\t<\/span>\n\t\t\t\t<span class='av-structured-data'  itemprop=\"publisher\" itemtype=\"https:\/\/schema.org\/Organization\" itemscope=\"itemscope\" >\n\t\t\t\t\t\t<span itemprop='name'>AJF Formation<\/span>\n\t\t\t\t\t\t<span itemprop='logo' itemscope itemtype='https:\/\/schema.org\/ImageObject'>\n\t\t\t\t\t\t\t<span itemprop='url'>https:\/\/www.ajf-formation.fr\/ajf2\/wp-content\/uploads\/ajf-logo-2022-K.png<\/span>\n\t\t\t\t\t\t<\/span>\n\t\t\t\t<\/span><span class='av-structured-data'  itemprop=\"author\" itemscope=\"itemscope\" itemtype=\"https:\/\/schema.org\/Person\" ><span itemprop='name'>AJF Formation<\/span><\/span><span class='av-structured-data'  itemprop=\"datePublished\" datetime=\"2020-08-31T16:26:41+02:00\" >2024-01-23 01:57:08<\/span><span class='av-structured-data'  itemprop=\"dateModified\" itemtype=\"https:\/\/schema.org\/dateModified\" >2025-11-14 11:21:11<\/span><span class='av-structured-data'  itemprop=\"mainEntityOfPage\" itemtype=\"https:\/\/schema.org\/mainEntityOfPage\" ><span itemprop='name'>Parit\u00e9 homme femme au travail<\/span><\/span><\/span><\/article><article class='slide-entry flex_column  post-entry post-entry-1692 slide-entry-overview slide-loop-8 slide-parity-even  av_one_third  fake-thumbnail posttype-post post-format-standard'  itemscope=\"itemscope\" itemtype=\"https:\/\/schema.org\/CreativeWork\" ><a href='https:\/\/www.ajf-formation.fr\/ajf2\/prevention-de-la-penibilite-au-travail\/' data-rel='slide-1' class='slide-image' title='Pr\u00e9vention de la p\u00e9nibilit\u00e9 au travail'><span class='fallback-post-type-icon' aria-hidden='true' data-av_icon='\ue836' data-av_iconfont='entypo-fontello'><\/span><span class='slider-fallback-image'><img loading=\"lazy\" decoding=\"async\" width=\"495\" height=\"400\" src=\"https:\/\/www.ajf-formation.fr\/ajf2\/wp-content\/uploads\/EPI-548852-pxh-1-495x400.jpg\" class=\"wp-image-1944 avia-img-lazy-loading-1944 attachment-portfolio size-portfolio wp-post-image\" alt=\"EPI - \u00c9quipement de Protection Individuelle\" srcset=\"https:\/\/www.ajf-formation.fr\/ajf2\/wp-content\/uploads\/EPI-548852-pxh-1-495x400.jpg 495w, https:\/\/www.ajf-formation.fr\/ajf2\/wp-content\/uploads\/EPI-548852-pxh-1-845x684.jpg 845w\" sizes=\"auto, (max-width: 495px) 100vw, 495px\" \/><small class='avia-copyright'>Dom. Pub.<\/small><\/span><\/a><div class=\"slide-content\"><header class=\"entry-content-header\"><h3 class='slide-entry-title entry-title '  itemprop=\"headline\" ><a href='https:\/\/www.ajf-formation.fr\/ajf2\/prevention-de-la-penibilite-au-travail\/' title='Pr\u00e9vention de la p\u00e9nibilit\u00e9 au travail'>Pr\u00e9vention de la p\u00e9nibilit\u00e9 au travail<\/a><\/h3><span class=\"av-vertical-delimiter\"><\/span><\/header><\/div><footer class=\"entry-footer\"><\/footer><span class='hidden'>\n\t\t\t\t<span class='av-structured-data'  itemprop=\"image\" itemscope=\"itemscope\" itemtype=\"https:\/\/schema.org\/ImageObject\" >\n\t\t\t\t\t\t<span itemprop='url'>https:\/\/www.ajf-formation.fr\/ajf2\/wp-content\/uploads\/ajf-logo-2022-K.png<\/span>\n\t\t\t\t\t\t<span itemprop='height'>0<\/span>\n\t\t\t\t\t\t<span itemprop='width'>0<\/span>\n\t\t\t\t<\/span>\n\t\t\t\t<span class='av-structured-data'  itemprop=\"publisher\" itemtype=\"https:\/\/schema.org\/Organization\" itemscope=\"itemscope\" >\n\t\t\t\t\t\t<span itemprop='name'>AJF Formation<\/span>\n\t\t\t\t\t\t<span itemprop='logo' itemscope itemtype='https:\/\/schema.org\/ImageObject'>\n\t\t\t\t\t\t\t<span itemprop='url'>https:\/\/www.ajf-formation.fr\/ajf2\/wp-content\/uploads\/ajf-logo-2022-K.png<\/span>\n\t\t\t\t\t\t<\/span>\n\t\t\t\t<\/span><span class='av-structured-data'  itemprop=\"author\" itemscope=\"itemscope\" itemtype=\"https:\/\/schema.org\/Person\" ><span itemprop='name'>AJF Formation<\/span><\/span><span class='av-structured-data'  itemprop=\"datePublished\" datetime=\"2020-08-31T16:26:41+02:00\" >2024-01-23 01:56:40<\/span><span class='av-structured-data'  itemprop=\"dateModified\" itemtype=\"https:\/\/schema.org\/dateModified\" >2025-11-14 11:22:40<\/span><span class='av-structured-data'  itemprop=\"mainEntityOfPage\" itemtype=\"https:\/\/schema.org\/mainEntityOfPage\" ><span itemprop='name'>Pr\u00e9vention de la p\u00e9nibilit\u00e9 au travail<\/span><\/span><\/span><\/article><article class='slide-entry flex_column  post-entry post-entry-1696 slide-entry-overview slide-loop-9 slide-parity-odd  av_one_third  real-thumbnail posttype-post post-format-standard'  itemscope=\"itemscope\" itemtype=\"https:\/\/schema.org\/CreativeWork\" ><a href='https:\/\/www.ajf-formation.fr\/ajf2\/le-port-de-equipement-de-protection-individuelle-epi\/' data-rel='slide-1' class='slide-image' title='Port d&rsquo;E.P.I'><img loading=\"lazy\" decoding=\"async\" width=\"495\" height=\"400\" src=\"https:\/\/www.ajf-formation.fr\/ajf2\/wp-content\/uploads\/EPI-548852-pxh-1-495x400.jpg\" class=\"wp-image-1944 avia-img-lazy-loading-1944 attachment-portfolio size-portfolio wp-post-image\" alt=\"EPI - \u00c9quipement de Protection Individuelle\" srcset=\"https:\/\/www.ajf-formation.fr\/ajf2\/wp-content\/uploads\/EPI-548852-pxh-1-495x400.jpg 495w, https:\/\/www.ajf-formation.fr\/ajf2\/wp-content\/uploads\/EPI-548852-pxh-1-845x684.jpg 845w\" sizes=\"auto, (max-width: 495px) 100vw, 495px\" \/><small class='avia-copyright'>Dom. Pub.<\/small><\/a><div class=\"slide-content\"><header class=\"entry-content-header\"><h3 class='slide-entry-title entry-title '  itemprop=\"headline\" ><a href='https:\/\/www.ajf-formation.fr\/ajf2\/le-port-de-equipement-de-protection-individuelle-epi\/' title='Port d&rsquo;E.P.I'>Port d&rsquo;E.P.I<\/a><\/h3><span class=\"av-vertical-delimiter\"><\/span><\/header><\/div><footer class=\"entry-footer\"><\/footer><span class='hidden'>\n\t\t\t\t<span class='av-structured-data'  itemprop=\"image\" itemscope=\"itemscope\" itemtype=\"https:\/\/schema.org\/ImageObject\" >\n\t\t\t\t\t\t<span itemprop='url'>https:\/\/www.ajf-formation.fr\/ajf2\/wp-content\/uploads\/EPI-548852-pxh-1.jpg<\/span>\n\t\t\t\t\t\t<span itemprop='height'>1050<\/span>\n\t\t\t\t\t\t<span itemprop='width'>1400<\/span>\n\t\t\t\t<\/span>\n\t\t\t\t<span class='av-structured-data'  itemprop=\"publisher\" itemtype=\"https:\/\/schema.org\/Organization\" itemscope=\"itemscope\" >\n\t\t\t\t\t\t<span itemprop='name'>AJF Formation<\/span>\n\t\t\t\t\t\t<span itemprop='logo' itemscope itemtype='https:\/\/schema.org\/ImageObject'>\n\t\t\t\t\t\t\t<span itemprop='url'>https:\/\/www.ajf-formation.fr\/ajf2\/wp-content\/uploads\/ajf-logo-2022-K.png<\/span>\n\t\t\t\t\t\t<\/span>\n\t\t\t\t<\/span><span class='av-structured-data'  itemprop=\"author\" itemscope=\"itemscope\" itemtype=\"https:\/\/schema.org\/Person\" ><span itemprop='name'>AJF Formation<\/span><\/span><span class='av-structured-data'  itemprop=\"datePublished\" datetime=\"2020-08-31T16:26:41+02:00\" >2024-01-23 01:56:33<\/span><span class='av-structured-data'  itemprop=\"dateModified\" itemtype=\"https:\/\/schema.org\/dateModified\" >2025-11-18 14:56:19<\/span><span class='av-structured-data'  itemprop=\"mainEntityOfPage\" itemtype=\"https:\/\/schema.org\/mainEntityOfPage\" ><span itemprop='name'>Port d&rsquo;E.P.I<\/span><\/span><\/span><\/article><\/div><div class=\"slide-entry-wrap\"><article class='slide-entry flex_column  post-entry post-entry-1702 slide-entry-overview slide-loop-10 slide-parity-odd  av_one_third first fake-thumbnail posttype-post post-format-standard'  itemscope=\"itemscope\" itemtype=\"https:\/\/schema.org\/CreativeWork\" ><a href='https:\/\/www.ajf-formation.fr\/ajf2\/risques-routiers\/' data-rel='slide-1' class='slide-image' title='Risques routiers'><span class='fallback-post-type-icon' aria-hidden='true' data-av_icon='\ue836' data-av_iconfont='entypo-fontello'><\/span><span class='slider-fallback-image'><img loading=\"lazy\" decoding=\"async\" width=\"495\" height=\"400\" src=\"https:\/\/www.ajf-formation.fr\/ajf2\/wp-content\/uploads\/EPI-548852-pxh-1-495x400.jpg\" class=\"wp-image-1944 avia-img-lazy-loading-1944 attachment-portfolio size-portfolio wp-post-image\" alt=\"EPI - \u00c9quipement de Protection Individuelle\" srcset=\"https:\/\/www.ajf-formation.fr\/ajf2\/wp-content\/uploads\/EPI-548852-pxh-1-495x400.jpg 495w, https:\/\/www.ajf-formation.fr\/ajf2\/wp-content\/uploads\/EPI-548852-pxh-1-845x684.jpg 845w\" sizes=\"auto, (max-width: 495px) 100vw, 495px\" \/><small class='avia-copyright'>Dom. Pub.<\/small><\/span><\/a><div class=\"slide-content\"><header class=\"entry-content-header\"><h3 class='slide-entry-title entry-title '  itemprop=\"headline\" ><a href='https:\/\/www.ajf-formation.fr\/ajf2\/risques-routiers\/' title='Risques routiers'>Risques routiers<\/a><\/h3><span class=\"av-vertical-delimiter\"><\/span><\/header><\/div><footer class=\"entry-footer\"><\/footer><span class='hidden'>\n\t\t\t\t<span class='av-structured-data'  itemprop=\"image\" itemscope=\"itemscope\" itemtype=\"https:\/\/schema.org\/ImageObject\" >\n\t\t\t\t\t\t<span itemprop='url'>https:\/\/www.ajf-formation.fr\/ajf2\/wp-content\/uploads\/ajf-logo-2022-K.png<\/span>\n\t\t\t\t\t\t<span itemprop='height'>0<\/span>\n\t\t\t\t\t\t<span itemprop='width'>0<\/span>\n\t\t\t\t<\/span>\n\t\t\t\t<span class='av-structured-data'  itemprop=\"publisher\" itemtype=\"https:\/\/schema.org\/Organization\" itemscope=\"itemscope\" >\n\t\t\t\t\t\t<span itemprop='name'>AJF Formation<\/span>\n\t\t\t\t\t\t<span itemprop='logo' itemscope itemtype='https:\/\/schema.org\/ImageObject'>\n\t\t\t\t\t\t\t<span itemprop='url'>https:\/\/www.ajf-formation.fr\/ajf2\/wp-content\/uploads\/ajf-logo-2022-K.png<\/span>\n\t\t\t\t\t\t<\/span>\n\t\t\t\t<\/span><span class='av-structured-data'  itemprop=\"author\" itemscope=\"itemscope\" itemtype=\"https:\/\/schema.org\/Person\" ><span itemprop='name'>AJF Formation<\/span><\/span><span class='av-structured-data'  itemprop=\"datePublished\" datetime=\"2020-08-31T16:26:41+02:00\" >2024-01-23 01:56:17<\/span><span class='av-structured-data'  itemprop=\"dateModified\" itemtype=\"https:\/\/schema.org\/dateModified\" >2025-11-14 10:20:46<\/span><span class='av-structured-data'  itemprop=\"mainEntityOfPage\" itemtype=\"https:\/\/schema.org\/mainEntityOfPage\" ><span itemprop='name'>Risques routiers<\/span><\/span><\/span><\/article><article class='slide-entry flex_column  post-entry post-entry-1664 slide-entry-overview slide-loop-11 slide-parity-even  av_one_third  fake-thumbnail posttype-post post-format-standard'  itemscope=\"itemscope\" itemtype=\"https:\/\/schema.org\/CreativeWork\" ><a href='https:\/\/www.ajf-formation.fr\/ajf2\/methode-haccp\/' data-rel='slide-1' class='slide-image' title='M\u00e9thode HACCP'><span class='fallback-post-type-icon' aria-hidden='true' data-av_icon='\ue836' data-av_iconfont='entypo-fontello'><\/span><span class='slider-fallback-image'><img loading=\"lazy\" decoding=\"async\" width=\"495\" height=\"400\" src=\"https:\/\/www.ajf-formation.fr\/ajf2\/wp-content\/uploads\/EPI-548852-pxh-1-495x400.jpg\" class=\"wp-image-1944 avia-img-lazy-loading-1944 attachment-portfolio size-portfolio wp-post-image\" alt=\"EPI - \u00c9quipement de Protection Individuelle\" srcset=\"https:\/\/www.ajf-formation.fr\/ajf2\/wp-content\/uploads\/EPI-548852-pxh-1-495x400.jpg 495w, https:\/\/www.ajf-formation.fr\/ajf2\/wp-content\/uploads\/EPI-548852-pxh-1-845x684.jpg 845w\" sizes=\"auto, (max-width: 495px) 100vw, 495px\" \/><small class='avia-copyright'>Dom. Pub.<\/small><\/span><\/a><div class=\"slide-content\"><header class=\"entry-content-header\"><h3 class='slide-entry-title entry-title '  itemprop=\"headline\" ><a href='https:\/\/www.ajf-formation.fr\/ajf2\/methode-haccp\/' title='M\u00e9thode HACCP'>M\u00e9thode HACCP<\/a><\/h3><span class=\"av-vertical-delimiter\"><\/span><\/header><\/div><footer class=\"entry-footer\"><\/footer><span class='hidden'>\n\t\t\t\t<span class='av-structured-data'  itemprop=\"image\" itemscope=\"itemscope\" itemtype=\"https:\/\/schema.org\/ImageObject\" >\n\t\t\t\t\t\t<span itemprop='url'>https:\/\/www.ajf-formation.fr\/ajf2\/wp-content\/uploads\/ajf-logo-2022-K.png<\/span>\n\t\t\t\t\t\t<span itemprop='height'>0<\/span>\n\t\t\t\t\t\t<span itemprop='width'>0<\/span>\n\t\t\t\t<\/span>\n\t\t\t\t<span class='av-structured-data'  itemprop=\"publisher\" itemtype=\"https:\/\/schema.org\/Organization\" itemscope=\"itemscope\" >\n\t\t\t\t\t\t<span itemprop='name'>AJF Formation<\/span>\n\t\t\t\t\t\t<span itemprop='logo' itemscope itemtype='https:\/\/schema.org\/ImageObject'>\n\t\t\t\t\t\t\t<span itemprop='url'>https:\/\/www.ajf-formation.fr\/ajf2\/wp-content\/uploads\/ajf-logo-2022-K.png<\/span>\n\t\t\t\t\t\t<\/span>\n\t\t\t\t<\/span><span class='av-structured-data'  itemprop=\"author\" itemscope=\"itemscope\" itemtype=\"https:\/\/schema.org\/Person\" ><span itemprop='name'>AJF Formation<\/span><\/span><span class='av-structured-data'  itemprop=\"datePublished\" datetime=\"2020-08-31T16:26:41+02:00\" >2024-01-23 01:55:19<\/span><span class='av-structured-data'  itemprop=\"dateModified\" itemtype=\"https:\/\/schema.org\/dateModified\" >2025-11-14 11:19:36<\/span><span class='av-structured-data'  itemprop=\"mainEntityOfPage\" itemtype=\"https:\/\/schema.org\/mainEntityOfPage\" ><span itemprop='name'>M\u00e9thode HACCP<\/span><\/span><\/span><\/article><article class='slide-entry flex_column  post-entry post-entry-1706 slide-entry-overview slide-loop-12 slide-parity-odd  post-entry-last  av_one_third  fake-thumbnail posttype-post post-format-standard'  itemscope=\"itemscope\" itemtype=\"https:\/\/schema.org\/CreativeWork\" ><a href='https:\/\/www.ajf-formation.fr\/ajf2\/utilisation-des-tronconneuses-en-securite\/' data-rel='slide-1' class='slide-image' title='Utilisation des tron\u00e7onneuses en s\u00e9curit\u00e9'><span class='fallback-post-type-icon' aria-hidden='true' data-av_icon='\ue836' data-av_iconfont='entypo-fontello'><\/span><span class='slider-fallback-image'><img loading=\"lazy\" decoding=\"async\" width=\"495\" height=\"400\" src=\"https:\/\/www.ajf-formation.fr\/ajf2\/wp-content\/uploads\/EPI-548852-pxh-1-495x400.jpg\" class=\"wp-image-1944 avia-img-lazy-loading-1944 attachment-portfolio size-portfolio wp-post-image\" alt=\"EPI - \u00c9quipement de Protection Individuelle\" srcset=\"https:\/\/www.ajf-formation.fr\/ajf2\/wp-content\/uploads\/EPI-548852-pxh-1-495x400.jpg 495w, https:\/\/www.ajf-formation.fr\/ajf2\/wp-content\/uploads\/EPI-548852-pxh-1-845x684.jpg 845w\" sizes=\"auto, (max-width: 495px) 100vw, 495px\" \/><small class='avia-copyright'>Dom. Pub.<\/small><\/span><\/a><div class=\"slide-content\"><header class=\"entry-content-header\"><h3 class='slide-entry-title entry-title '  itemprop=\"headline\" ><a href='https:\/\/www.ajf-formation.fr\/ajf2\/utilisation-des-tronconneuses-en-securite\/' title='Utilisation des tron\u00e7onneuses en s\u00e9curit\u00e9'>Utilisation des tron\u00e7onneuses en s\u00e9curit\u00e9<\/a><\/h3><span class=\"av-vertical-delimiter\"><\/span><\/header><\/div><footer class=\"entry-footer\"><\/footer><span class='hidden'>\n\t\t\t\t<span class='av-structured-data'  itemprop=\"image\" itemscope=\"itemscope\" itemtype=\"https:\/\/schema.org\/ImageObject\" >\n\t\t\t\t\t\t<span itemprop='url'>https:\/\/www.ajf-formation.fr\/ajf2\/wp-content\/uploads\/ajf-logo-2022-K.png<\/span>\n\t\t\t\t\t\t<span itemprop='height'>0<\/span>\n\t\t\t\t\t\t<span itemprop='width'>0<\/span>\n\t\t\t\t<\/span>\n\t\t\t\t<span class='av-structured-data'  itemprop=\"publisher\" itemtype=\"https:\/\/schema.org\/Organization\" itemscope=\"itemscope\" >\n\t\t\t\t\t\t<span itemprop='name'>AJF Formation<\/span>\n\t\t\t\t\t\t<span itemprop='logo' itemscope itemtype='https:\/\/schema.org\/ImageObject'>\n\t\t\t\t\t\t\t<span itemprop='url'>https:\/\/www.ajf-formation.fr\/ajf2\/wp-content\/uploads\/ajf-logo-2022-K.png<\/span>\n\t\t\t\t\t\t<\/span>\n\t\t\t\t<\/span><span class='av-structured-data'  itemprop=\"author\" itemscope=\"itemscope\" itemtype=\"https:\/\/schema.org\/Person\" ><span itemprop='name'>AJF Formation<\/span><\/span><span class='av-structured-data'  itemprop=\"datePublished\" datetime=\"2020-08-31T16:26:41+02:00\" >2024-01-23 01:55:12<\/span><span class='av-structured-data'  itemprop=\"dateModified\" itemtype=\"https:\/\/schema.org\/dateModified\" >2025-11-18 14:56:02<\/span><span class='av-structured-data'  itemprop=\"mainEntityOfPage\" itemtype=\"https:\/\/schema.org\/mainEntityOfPage\" ><span itemprop='name'>Utilisation des tron\u00e7onneuses en s\u00e9curit\u00e9<\/span><\/span><\/span><\/article><\/div><\/div><\/div>\n","protected":false},"excerpt":{"rendered":"","protected":false},"author":1,"featured_media":0,"parent":0,"menu_order":5,"comment_status":"closed","ping_status":"closed","template":"","meta":{"footnotes":""},"class_list":["post-857","page","type-page","status-publish","hentry"],"_links":{"self":[{"href":"https:\/\/www.ajf-formation.fr\/ajf2\/wp-json\/wp\/v2\/pages\/857","targetHints":{"allow":["GET"]}}],"collection":[{"href":"https:\/\/www.ajf-formation.fr\/ajf2\/wp-json\/wp\/v2\/pages"}],"about":[{"href":"https:\/\/www.ajf-formation.fr\/ajf2\/wp-json\/wp\/v2\/types\/page"}],"author":[{"embeddable":true,"href":"https:\/\/www.ajf-formation.fr\/ajf2\/wp-json\/wp\/v2\/users\/1"}],"replies":[{"embeddable":true,"href":"https:\/\/www.ajf-formation.fr\/ajf2\/wp-json\/wp\/v2\/comments?post=857"}],"version-history":[{"count":0,"href":"https:\/\/www.ajf-formation.fr\/ajf2\/wp-json\/wp\/v2\/pages\/857\/revisions"}],"wp:attachment":[{"href":"https:\/\/www.ajf-formation.fr\/ajf2\/wp-json\/wp\/v2\/media?parent=857"}],"curies":[{"name":"wp","href":"https:\/\/api.w.org\/{rel}","templated":true}]}}