{"id":44,"date":"2014-06-10T16:52:26","date_gmt":"2014-06-10T15:52:26","guid":{"rendered":"http:\/\/www.ajf-formation.fr\/ajf\/?page_id=44"},"modified":"2014-06-10T16:52:26","modified_gmt":"2014-06-10T15:52:26","slug":"mentions-legales","status":"publish","type":"page","link":"https:\/\/www.ajf-formation.fr\/ajf2\/mentions-legales\/","title":{"rendered":"Mentions l\u00e9gales"},"content":{"rendered":"<p>PROPRIETE<\/p>\n<p>Le pr\u00e9sent site est \u00e9dit\u00e9 par la soci\u00e9t\u00e9 AJF Formations,\u00a0 au capital de 3 000 \u20ac, immatricul\u00e9e sous le SIREN num\u00e9ro\u00a0509\u00a0410\u00a0965,\u00a0 NAF 8559A , dont le si\u00e8ge social est situ\u00e9 21\u00a0rue Roger Salengro \u00e0\u00a059217\u00a0 Carni\u00e8res France.<\/p>\n<p>Directeur de la publication : M. Jean-Fran\u00e7ois Degueldre.<\/p>\n<p>T\u00e9l\u00e9phone : +33 09 66 91 04 18<\/p>\n<p>Toute reproduction totale ou partielle des marques ou des logos,effectu\u00e9e \u00e0 partir des \u00e9l\u00e9ments du site sans l&rsquo;autorisation expresse est prohib\u00e9e, au sens de l&rsquo;article L.713-2 du Code de la propri\u00e9t\u00e9 intellectuelle.<\/p>\n<p>OBJET DU SITE<br \/>\nCe site a pour vocation d&rsquo;informer l&rsquo;internaute, de fa\u00e7on non exhaustive, sur l&rsquo;histoire et le savoir-faire de la soci\u00e9t\u00e9, ses produits, ses services, ses \u00e9v\u00e9nements ou des sujets s&rsquo;y rapportant.<\/p>\n<p>CONTENU<br \/>\nLes informations pr\u00e9sent\u00e9es sont donn\u00e9es \u00e0 titre indicatif et n&rsquo;engagent aucunement la responsabilit\u00e9 de Ajf Formation ni celle de CoMpoZ-it en cas d&rsquo;erreur ou d&rsquo;indisponibilit\u00e9. Les images et photos d&rsquo;illustration appartiennent \u00e0 leur auteurs respectifs. Photos\u00a0: CoMpoZ-it, Folotia, Shutterstock, Stockxch.<\/p>\n<p>DONN\u00c9ES PERSONNELLES<br \/>\nLa soci\u00e9t\u00e9 \u00ab\u00a0Ajf-formation\u00a0\u00bb s&rsquo;efforce de mettre tout en \u0153uvre pour prot\u00e9ger les donn\u00e9es \u00e0 caract\u00e8re priv\u00e9 qu&rsquo;elle collecte, afin qu\u2018elles ne soient pas d\u00e9form\u00e9es, endommag\u00e9es ou communiqu\u00e9es \u00e0 des tiers sans autorisation.<br \/>\nCependant, la s\u00e9curit\u00e9 totale sur Internet n&rsquo;existe pas. Nous ne pouvons donc pas nous engager \u00e0 ce que les informations \u00e9chang\u00e9es sur notre site ne soient pas intercept\u00e9es par des tiers.<br \/>\nLes informations que vous aurez saisies sur ce site pourront \u00eatre enregistr\u00e9es pour leur traitement exclusif par \u00ab\u00a0Ajf Formation\u00a0\u00bb dans le seul but de vous recontacter puisque vous en avez fait le souhait en transmettant votre e-mail.<br \/>\nVous disposez d&rsquo;un droit d&rsquo;acc\u00e8s, de modification, de rectification et de suppression concernant les donn\u00e9es collect\u00e9es sur ce site, dans les conditions pr\u00e9vues par la loi n\u00b078-17 du 6 janvier 1978 (modifi\u00e9e) relative \u00e0 l&rsquo;informatique, aux fichiers et aux libert\u00e9s (CNIL). Pour l&rsquo;exercer, adressez-vous au gestionnaire du site :\u00a0Ajf Formation\u00a0(voir coordonn\u00e9es plus haut) ou ici ou encore aupr\u00e8s de <a href=\"http:\/\/www.compoz-it.com\/contact.php\" target=\"_blank\" rel=\"noopener\">CoMpoZ-it<\/a>.<\/p>\n<p>DISPONIBILITE<br \/>\nL&rsquo;utilisateur du pr\u00e9sent site reconna\u00eet disposer de la comp\u00e9tence des moyens n\u00e9cessaires pour acc\u00e9der et utiliser ce site.<br \/>\nLe site www.ajf-formation.fr\u00a0 ou .com se doit de fonctionner 24h\/24. Cependant, nous nous r\u00e9servons le droit d\u2019interrompre nos services \u00e0 tout moment; notamment pour proc\u00e9der \u00e0 des op\u00e9rations de maintenances, de mises \u00e0 jours&#8230;<br \/>\nLes cons\u00e9quences de ces interruptions ne sauraient engager notre responsabilit\u00e9, ni celle de OVH (l&rsquo;h\u00e9bergeur), ni celle de CoMpoZ-it (webmestre).<\/p>\n<p>HEBERGEMENT<br \/>\nOVH &#8211; 140<br \/>\nQuai du Sartel &#8211; 59100 Roubaix &#8211; France SAS au capital de 500 k\u20ac<br \/>\nSIRET<br \/>\n: 424 761 419 00011 RCS Roubaix \u2013 Tourcoing<br \/>\nAPE : 721Z N\u00b0 TVA : FR 22 424<br \/>\n761 419<\/p>\n<p>DESIGN &amp; DEVELOPPEMENT DU SITE<br \/>\nCoMpoZ-it &#8211; Cr\u00e9ations graphiques 23 r. des Anges 59300 Valenciennes <a href=\"http:\/\/www.compoz-it.com\/contact.php\" target=\"_blank\" rel=\"noopener\">Contacter CoMpoZ-it<\/a><\/p>\n","protected":false},"excerpt":{"rendered":"<p>PROPRIETE Le pr\u00e9sent site est \u00e9dit\u00e9 par la soci\u00e9t\u00e9 AJF Formations,\u00a0 au capital de 3 000 \u20ac, immatricul\u00e9e sous le SIREN num\u00e9ro\u00a0509\u00a0410\u00a0965,\u00a0 NAF 8559A , dont le si\u00e8ge social est situ\u00e9 21\u00a0rue Roger Salengro \u00e0\u00a059217\u00a0 Carni\u00e8res France. Directeur de la publication : M. Jean-Fran\u00e7ois Degueldre. T\u00e9l\u00e9phone : +33 09 66 91 04 18 Toute reproduction [&hellip;]<\/p>\n","protected":false},"author":1,"featured_media":0,"parent":0,"menu_order":0,"comment_status":"closed","ping_status":"open","template":"","meta":{"footnotes":""},"class_list":["post-44","page","type-page","status-publish","hentry"],"_links":{"self":[{"href":"https:\/\/www.ajf-formation.fr\/ajf2\/wp-json\/wp\/v2\/pages\/44","targetHints":{"allow":["GET"]}}],"collection":[{"href":"https:\/\/www.ajf-formation.fr\/ajf2\/wp-json\/wp\/v2\/pages"}],"about":[{"href":"https:\/\/www.ajf-formation.fr\/ajf2\/wp-json\/wp\/v2\/types\/page"}],"author":[{"embeddable":true,"href":"https:\/\/www.ajf-formation.fr\/ajf2\/wp-json\/wp\/v2\/users\/1"}],"replies":[{"embeddable":true,"href":"https:\/\/www.ajf-formation.fr\/ajf2\/wp-json\/wp\/v2\/comments?post=44"}],"version-history":[{"count":1,"href":"https:\/\/www.ajf-formation.fr\/ajf2\/wp-json\/wp\/v2\/pages\/44\/revisions"}],"predecessor-version":[{"id":2210,"href":"https:\/\/www.ajf-formation.fr\/ajf2\/wp-json\/wp\/v2\/pages\/44\/revisions\/2210"}],"wp:attachment":[{"href":"https:\/\/www.ajf-formation.fr\/ajf2\/wp-json\/wp\/v2\/media?parent=44"}],"curies":[{"name":"wp","href":"https:\/\/api.w.org\/{rel}","templated":true}]}}