{"id":14,"date":"2014-06-10T16:17:30","date_gmt":"2014-06-10T14:17:30","guid":{"rendered":"http:\/\/www.ajf-formation.fr\/ajf\/?page_id=7"},"modified":"2024-03-21T10:12:32","modified_gmt":"2024-03-21T09:12:32","slug":"secourisme-ergonomie","status":"publish","type":"page","link":"https:\/\/www.ajf-formation.fr\/ajf2\/secourisme-ergonomie\/","title":{"rendered":"Secourisme et ergonomie"},"content":{"rendered":"\n<style type=\"text\/css\" data-created_by=\"avia_inline_auto\" id=\"style-css-av-10avm-c6a7cc55f9ac375b955167ec8fbf0f34\">\n.avia-section.av-10avm-c6a7cc55f9ac375b955167ec8fbf0f34{\nbackground-repeat:no-repeat;\nbackground-image:url(https:\/\/www.ajf-formation.fr\/ajf2\/wp-content\/uploads\/SST-Pach.jpg);\nbackground-position:50% 50%;\nbackground-attachment:scroll;\nmargin-top:0;\nmargin-bottom:0;\n}\n.avia-section.av-10avm-c6a7cc55f9ac375b955167ec8fbf0f34 .av-section-color-overlay{\nopacity:0.6;\nbackground-color:#000000;\n}\n<\/style>\n<div id='av_section_1'  class='avia-section av-10avm-c6a7cc55f9ac375b955167ec8fbf0f34 main_color avia-section-default avia-no-border-styling  avia-builder-el-0  el_before_av_section  avia-builder-el-first  avia-bg-style-scroll av-section-color-overlay-active av-minimum-height av-minimum-height-custom av-height-custom  container_wrap sidebar_right'  data-section-bg-repeat='no-repeat' data-av_minimum_height_px='350'><div class=\"av-section-color-overlay-wrap\"><div class=\"av-section-color-overlay\"><\/div><div class='container av-section-cont-open' style='height:350px'><main  role=\"main\" itemprop=\"mainContentOfPage\"  class='template-page content  av-content-small alpha units'><div class='post-entry post-entry-type-page post-entry-14'><div class='entry-content-wrapper clearfix'>\n\n<style type=\"text\/css\" data-created_by=\"avia_inline_auto\" id=\"style-css-av-lf0f2x4i-cffa63655dfd70a114bbb3450fd099a7\">\n#top .av-special-heading.av-lf0f2x4i-cffa63655dfd70a114bbb3450fd099a7{\npadding-bottom:10px;\ncolor:#fff087;\n}\nbody .av-special-heading.av-lf0f2x4i-cffa63655dfd70a114bbb3450fd099a7 .av-special-heading-tag .heading-char{\nfont-size:25px;\n}\n#top #wrap_all .av-special-heading.av-lf0f2x4i-cffa63655dfd70a114bbb3450fd099a7 .av-special-heading-tag{\npadding:2rem 0 0 0;\n}\n.av-special-heading.av-lf0f2x4i-cffa63655dfd70a114bbb3450fd099a7 .special-heading-inner-border{\nborder-color:rgba(0,0,0,0.01);\n}\n.av-special-heading.av-lf0f2x4i-cffa63655dfd70a114bbb3450fd099a7 .av-subheading{\nfont-size:15px;\ncolor:#ffffff;\n}\nbody .av-special-heading.av-lf0f2x4i-cffa63655dfd70a114bbb3450fd099a7 .av-special-heading-tag .heading-wrap:before{\nborder-color:rgba(0,0,0,0.01);\n}\nbody .av-special-heading.av-lf0f2x4i-cffa63655dfd70a114bbb3450fd099a7 .av-special-heading-tag .heading-wrap:after{\nborder-color:rgba(0,0,0,0.01);\n}\n<\/style>\n<div  class='av-special-heading av-lf0f2x4i-cffa63655dfd70a114bbb3450fd099a7 av-special-heading-h1 custom-color-heading blockquote elegant-quote elegant-centered  avia-builder-el-1  avia-builder-el-no-sibling '><h1 class='av-special-heading-tag'  itemprop=\"headline\"  ><span class=\"heading-wrap\">Secourisme et ergonomie<\/span><\/h1><div class=\"special-heading-border\"><div class=\"special-heading-inner-border\"><\/div><\/div><\/div>\n\n<\/div><\/div><\/main><!-- close content main element --><\/div><\/div><\/div>\n<style type=\"text\/css\" data-created_by=\"avia_inline_auto\" id=\"style-css-av-lf0f8zqu-172038c5bde791a95fba1f8d4457ee48\">\n.avia-section.av-lf0f8zqu-172038c5bde791a95fba1f8d4457ee48{\nmargin-top:0px;\nmargin-bottom:0px;\n}\n<\/style>\n<div id='av_section_2'  class='avia-section av-lf0f8zqu-172038c5bde791a95fba1f8d4457ee48 footer_color avia-section-small avia-no-border-styling  avia-builder-el-2  el_after_av_section  el_before_av_blog  avia-bg-style-scroll container_wrap sidebar_right'  ><div class='container av-section-cont-open' ><div class='template-page content  av-content-small alpha units'><div class='post-entry post-entry-type-page post-entry-14'><div class='entry-content-wrapper clearfix'>\n<div class='flex_column_table av-lf0faby1-417cf3ee4c0ff20ea6bd9e1285244464 sc-av_one_half av-equal-height-column-flextable'>\n<style type=\"text\/css\" data-created_by=\"avia_inline_auto\" id=\"style-css-av-lf0faby1-417cf3ee4c0ff20ea6bd9e1285244464\">\n#top .flex_column_table.av-equal-height-column-flextable.av-lf0faby1-417cf3ee4c0ff20ea6bd9e1285244464{\nmargin-top:0px;\nmargin-bottom:0px;\n}\n.flex_column.av-lf0faby1-417cf3ee4c0ff20ea6bd9e1285244464{\nwidth:45%;\nmargin-left:0;\npadding:0 0 0 75px;\n}\n#top .flex_column_table.av-equal-height-column-flextable.av-lf0faby1-417cf3ee4c0ff20ea6bd9e1285244464 .av-flex-placeholder{\nwidth:10%;\n}\n<\/style>\n<div  class='flex_column av-lf0faby1-417cf3ee4c0ff20ea6bd9e1285244464 av_one_half  avia-builder-el-3  el_before_av_one_half  avia-builder-el-first  first flex_column_table_cell av-equal-height-column av-align-top  '     ><style type=\"text\/css\" data-created_by=\"avia_inline_auto\" id=\"style-css-av-lf0f20bx-a69237d98d379646be40dd076761a611\">\n#top .av_textblock_section.av-lf0f20bx-a69237d98d379646be40dd076761a611 .avia_textblock{\nfont-size:1.25rem;\n}\n<\/style>\n<section  class='av_textblock_section av-lf0f20bx-a69237d98d379646be40dd076761a611 '   itemscope=\"itemscope\" itemtype=\"https:\/\/schema.org\/CreativeWork\" ><div class='avia_textblock'  itemprop=\"text\" ><p><strong>Secourisme<\/strong><\/p>\n<p>\u2714 Habilitation \u2116 1508094\/2021\/SST-01\/O\/04<br \/>\n\u2714 Habilitation \u2116 \u00a81521657\/2022\/Prap-IBC-01\/O\/04<\/p>\n<p>\u2714 Sauveteur secouriste du travail<\/p>\n<p>\u2714 M.A.C &#8211; S.S.T<\/p>\n<p>\u2714 Initiation aux gestes d&rsquo;urgence<\/p>\n<p>\u2714 D\u00e9fribrilateur<\/p>\n<p>\u2714 R\u00e9f\u00e9rent COVID-19<\/p>\n<\/div><\/section><\/div><div class='av-flex-placeholder'><\/div>\n<style type=\"text\/css\" data-created_by=\"avia_inline_auto\" id=\"style-css-av-lf0fd3tc-3d0fc278c59517cf4a3e72ee279ea8cd\">\n#top .flex_column_table.av-equal-height-column-flextable.av-lf0fd3tc-3d0fc278c59517cf4a3e72ee279ea8cd{\nmargin-top:0px;\nmargin-bottom:0px;\n}\n.flex_column.av-lf0fd3tc-3d0fc278c59517cf4a3e72ee279ea8cd{\nwidth:45%;\nmargin-left:0;\npadding:0 0 0 0;\n}\n#top .flex_column_table.av-equal-height-column-flextable.av-lf0fd3tc-3d0fc278c59517cf4a3e72ee279ea8cd .av-flex-placeholder{\nwidth:10%;\n}\n<\/style>\n<div  class='flex_column av-lf0fd3tc-3d0fc278c59517cf4a3e72ee279ea8cd av_one_half  avia-builder-el-5  el_after_av_one_half  avia-builder-el-last  flex_column_table_cell av-equal-height-column av-align-top av-zero-column-padding  '     ><style type=\"text\/css\" data-created_by=\"avia_inline_auto\" id=\"style-css-av-lf0f7im3-e880fd4bfd5fb2848f271eef5be57e9f\">\n#top .av_textblock_section.av-lf0f7im3-e880fd4bfd5fb2848f271eef5be57e9f .avia_textblock{\nfont-size:1.25rem;\n}\n<\/style>\n<section  class='av_textblock_section av-lf0f7im3-e880fd4bfd5fb2848f271eef5be57e9f '   itemscope=\"itemscope\" itemtype=\"https:\/\/schema.org\/CreativeWork\" ><div class='avia_textblock'  itemprop=\"text\" ><p><strong>Ergonomie<\/strong><\/p>\n<p>\u2714 Pr\u00e9vention des troubles musculo-squelettiques<br \/>\n(Formation adapt\u00e9e \u00e0 la profession)<\/p>\n<p>\u2714 Pr\u00e9vention des risques li\u00e9s aux activit\u00e9s physiques (PRAP)<\/p>\n<p>\u2714 Manutention des malades<\/p>\n<p>\u2714 Manutention des personnes \u00e0 mobilit\u00e9 r\u00e9duites<\/p>\n<p>\u2714 Aides \u00e0 domicile<\/p>\n<p>\u2714 Techniques de nettoyage<\/p>\n<\/div><\/section><\/div><\/div><!--close column table wrapper. Autoclose: 1 --><\/div><\/div><\/div><!-- close content main div --><\/div><\/div><div id='after_section_2'  class='main_color av_default_container_wrap container_wrap sidebar_right'  ><div class='container av-section-cont-open' ><div class='template-page content  av-content-small alpha units'><div class='post-entry post-entry-type-page post-entry-14'><div class='entry-content-wrapper clearfix'><div  data-slideshow-options=\"{&quot;animation&quot;:&quot;fade&quot;,&quot;autoplay&quot;:false,&quot;loop_autoplay&quot;:&quot;once&quot;,&quot;interval&quot;:5,&quot;loop_manual&quot;:&quot;manual-endless&quot;,&quot;autoplay_stopper&quot;:false,&quot;noNavigation&quot;:false,&quot;show_slide_delay&quot;:90}\" class='avia-content-slider avia-content-grid-active avia-content-slider1 avia-content-slider-odd  avia-builder-el-7  el_after_av_section  avia-builder-el-no-sibling  av-slideshow-ui av-control-default   av-no-slider-navigation av-slideshow-manual av-loop-once av-loop-manual-endless '  itemscope=\"itemscope\" itemtype=\"https:\/\/schema.org\/Blog\" ><div class=\"avia-content-slider-inner\"><div class=\"slide-entry-wrap\"><article class='slide-entry flex_column  post-entry post-entry-2308 slide-entry-overview slide-loop-1 slide-parity-odd  av_one_third first fake-thumbnail posttype-post post-format-standard'  itemscope=\"itemscope\" itemtype=\"https:\/\/schema.org\/CreativeWork\" ><a href='https:\/\/www.ajf-formation.fr\/ajf2\/referent-prevention-des-troubles-musculo-squelettiques-tms\/' data-rel='slide-1' class='slide-image' title='R\u00e9f\u00e9rent Pr\u00e9vention des Troubles Musculo-Squelettiques (TMS)'><span class='fallback-post-type-icon' aria-hidden='true' data-av_icon='\ue836' data-av_iconfont='entypo-fontello'><\/span><span class='slider-fallback-image'><img loading=\"lazy\" decoding=\"async\" width=\"495\" height=\"400\" src=\"https:\/\/www.ajf-formation.fr\/ajf2\/wp-content\/uploads\/Sauveteur_secouriste_du_travail_Logo.svg-495x400.png\" class=\"wp-image-1331 avia-img-lazy-loading-1331 attachment-portfolio size-portfolio wp-post-image\" alt=\"logo SST\" srcset=\"https:\/\/www.ajf-formation.fr\/ajf2\/wp-content\/uploads\/Sauveteur_secouriste_du_travail_Logo.svg-495x400.png 495w, https:\/\/www.ajf-formation.fr\/ajf2\/wp-content\/uploads\/Sauveteur_secouriste_du_travail_Logo.svg-845x684.png 845w\" sizes=\"auto, (max-width: 495px) 100vw, 495px\" \/><\/span><\/a><div class=\"slide-content\"><header class=\"entry-content-header\"><h3 class='slide-entry-title entry-title '  itemprop=\"headline\" ><a href='https:\/\/www.ajf-formation.fr\/ajf2\/referent-prevention-des-troubles-musculo-squelettiques-tms\/' title='R\u00e9f\u00e9rent Pr\u00e9vention des Troubles Musculo-Squelettiques (TMS)'>R\u00e9f\u00e9rent Pr\u00e9vention des Troubles Musculo-Squelettiques (TMS)<\/a><\/h3><span class=\"av-vertical-delimiter\"><\/span><\/header><\/div><footer class=\"entry-footer\"><\/footer><span class='hidden'>\n\t\t\t\t<span class='av-structured-data'  itemprop=\"image\" itemscope=\"itemscope\" itemtype=\"https:\/\/schema.org\/ImageObject\" >\n\t\t\t\t\t\t<span itemprop='url'>https:\/\/www.ajf-formation.fr\/ajf2\/wp-content\/uploads\/ajf-logo-2022-K.png<\/span>\n\t\t\t\t\t\t<span itemprop='height'>0<\/span>\n\t\t\t\t\t\t<span itemprop='width'>0<\/span>\n\t\t\t\t<\/span>\n\t\t\t\t<span class='av-structured-data'  itemprop=\"publisher\" itemtype=\"https:\/\/schema.org\/Organization\" itemscope=\"itemscope\" >\n\t\t\t\t\t\t<span itemprop='name'>L D<\/span>\n\t\t\t\t\t\t<span itemprop='logo' itemscope itemtype='https:\/\/schema.org\/ImageObject'>\n\t\t\t\t\t\t\t<span itemprop='url'>https:\/\/www.ajf-formation.fr\/ajf2\/wp-content\/uploads\/ajf-logo-2022-K.png<\/span>\n\t\t\t\t\t\t<\/span>\n\t\t\t\t<\/span><span class='av-structured-data'  itemprop=\"author\" itemscope=\"itemscope\" itemtype=\"https:\/\/schema.org\/Person\" ><span itemprop='name'>L D<\/span><\/span><span class='av-structured-data'  itemprop=\"datePublished\" datetime=\"2014-06-10T16:17:30+02:00\" >2025-10-28 16:41:52<\/span><span class='av-structured-data'  itemprop=\"dateModified\" itemtype=\"https:\/\/schema.org\/dateModified\" >2025-10-28 16:41:52<\/span><span class='av-structured-data'  itemprop=\"mainEntityOfPage\" itemtype=\"https:\/\/schema.org\/mainEntityOfPage\" ><span itemprop='name'>R\u00e9f\u00e9rent Pr\u00e9vention des Troubles Musculo-Squelettiques (TMS)<\/span><\/span><\/span><\/article><article class='slide-entry flex_column  post-entry post-entry-2083 slide-entry-overview slide-loop-2 slide-parity-even  av_one_third  real-thumbnail posttype-post post-format-standard'  itemscope=\"itemscope\" itemtype=\"https:\/\/schema.org\/CreativeWork\" ><a href='https:\/\/www.ajf-formation.fr\/ajf2\/maintien-et-actualisation-des-competences-agent-de-prevention-et-de-securite\/' data-rel='slide-1' class='slide-image' title='Maintien et Actualisation des Comp\u00e9tences Agent de Pr\u00e9vention et de S\u00e9curit\u00e9'><img loading=\"lazy\" decoding=\"async\" width=\"495\" height=\"400\" src=\"https:\/\/www.ajf-formation.fr\/ajf2\/wp-content\/uploads\/Sauveteur_secouriste_du_travail_Logo.svg-495x400.png\" class=\"wp-image-1331 avia-img-lazy-loading-1331 attachment-portfolio size-portfolio wp-post-image\" alt=\"logo SST\" srcset=\"https:\/\/www.ajf-formation.fr\/ajf2\/wp-content\/uploads\/Sauveteur_secouriste_du_travail_Logo.svg-495x400.png 495w, https:\/\/www.ajf-formation.fr\/ajf2\/wp-content\/uploads\/Sauveteur_secouriste_du_travail_Logo.svg-845x684.png 845w\" sizes=\"auto, (max-width: 495px) 100vw, 495px\" \/><\/a><div class=\"slide-content\"><header class=\"entry-content-header\"><h3 class='slide-entry-title entry-title '  itemprop=\"headline\" ><a href='https:\/\/www.ajf-formation.fr\/ajf2\/maintien-et-actualisation-des-competences-agent-de-prevention-et-de-securite\/' title='Maintien et Actualisation des Comp\u00e9tences Agent de Pr\u00e9vention et de S\u00e9curit\u00e9'>Maintien et Actualisation des Comp\u00e9tences Agent de Pr\u00e9vention et de S\u00e9curit\u00e9<\/a><\/h3><span class=\"av-vertical-delimiter\"><\/span><\/header><\/div><footer class=\"entry-footer\"><\/footer><span class='hidden'>\n\t\t\t\t<span class='av-structured-data'  itemprop=\"image\" itemscope=\"itemscope\" itemtype=\"https:\/\/schema.org\/ImageObject\" >\n\t\t\t\t\t\t<span itemprop='url'>https:\/\/www.ajf-formation.fr\/ajf2\/wp-content\/uploads\/Sauveteur_secouriste_du_travail_Logo.svg.png<\/span>\n\t\t\t\t\t\t<span itemprop='height'>1200<\/span>\n\t\t\t\t\t\t<span itemprop='width'>1200<\/span>\n\t\t\t\t<\/span>\n\t\t\t\t<span class='av-structured-data'  itemprop=\"publisher\" itemtype=\"https:\/\/schema.org\/Organization\" itemscope=\"itemscope\" >\n\t\t\t\t\t\t<span itemprop='name'>AJF Formation<\/span>\n\t\t\t\t\t\t<span itemprop='logo' itemscope itemtype='https:\/\/schema.org\/ImageObject'>\n\t\t\t\t\t\t\t<span itemprop='url'>https:\/\/www.ajf-formation.fr\/ajf2\/wp-content\/uploads\/ajf-logo-2022-K.png<\/span>\n\t\t\t\t\t\t<\/span>\n\t\t\t\t<\/span><span class='av-structured-data'  itemprop=\"author\" itemscope=\"itemscope\" itemtype=\"https:\/\/schema.org\/Person\" ><span itemprop='name'>AJF Formation<\/span><\/span><span class='av-structured-data'  itemprop=\"datePublished\" datetime=\"2014-06-10T16:17:30+02:00\" >2024-01-29 16:54:50<\/span><span class='av-structured-data'  itemprop=\"dateModified\" itemtype=\"https:\/\/schema.org\/dateModified\" >2024-01-29 16:54:50<\/span><span class='av-structured-data'  itemprop=\"mainEntityOfPage\" itemtype=\"https:\/\/schema.org\/mainEntityOfPage\" ><span itemprop='name'>Maintien et Actualisation des Comp\u00e9tences Agent de Pr\u00e9vention et de S\u00e9curit\u00e9<\/span><\/span><\/span><\/article><article class='slide-entry flex_column  post-entry post-entry-2042 slide-entry-overview slide-loop-3 slide-parity-odd  av_one_third  real-thumbnail posttype-post post-format-standard'  itemscope=\"itemscope\" itemtype=\"https:\/\/schema.org\/CreativeWork\" ><a href='https:\/\/www.ajf-formation.fr\/ajf2\/prap\/' data-rel='slide-1' class='slide-image' title='PRAP'><img loading=\"lazy\" decoding=\"async\" width=\"495\" height=\"400\" src=\"https:\/\/www.ajf-formation.fr\/ajf2\/wp-content\/uploads\/savoir-apprendre-495x400.jpg\" class=\"wp-image-227 avia-img-lazy-loading-227 attachment-portfolio size-portfolio wp-post-image\" alt=\"Personne levant la main pour poser une question.\" srcset=\"https:\/\/www.ajf-formation.fr\/ajf2\/wp-content\/uploads\/savoir-apprendre-495x400.jpg 495w, https:\/\/www.ajf-formation.fr\/ajf2\/wp-content\/uploads\/savoir-apprendre-845x684.jpg 845w\" sizes=\"auto, (max-width: 495px) 100vw, 495px\" \/><\/a><div class=\"slide-content\"><header class=\"entry-content-header\"><h3 class='slide-entry-title entry-title '  itemprop=\"headline\" ><a href='https:\/\/www.ajf-formation.fr\/ajf2\/prap\/' title='PRAP'>PRAP<\/a><\/h3><span class=\"av-vertical-delimiter\"><\/span><\/header><\/div><footer class=\"entry-footer\"><\/footer><span class='hidden'>\n\t\t\t\t<span class='av-structured-data'  itemprop=\"image\" itemscope=\"itemscope\" itemtype=\"https:\/\/schema.org\/ImageObject\" >\n\t\t\t\t\t\t<span itemprop='url'>https:\/\/www.ajf-formation.fr\/ajf2\/wp-content\/uploads\/savoir-apprendre.jpg<\/span>\n\t\t\t\t\t\t<span itemprop='height'>1250<\/span>\n\t\t\t\t\t\t<span itemprop='width'>2000<\/span>\n\t\t\t\t<\/span>\n\t\t\t\t<span class='av-structured-data'  itemprop=\"publisher\" itemtype=\"https:\/\/schema.org\/Organization\" itemscope=\"itemscope\" >\n\t\t\t\t\t\t<span itemprop='name'>AJF Formation<\/span>\n\t\t\t\t\t\t<span itemprop='logo' itemscope itemtype='https:\/\/schema.org\/ImageObject'>\n\t\t\t\t\t\t\t<span itemprop='url'>https:\/\/www.ajf-formation.fr\/ajf2\/wp-content\/uploads\/ajf-logo-2022-K.png<\/span>\n\t\t\t\t\t\t<\/span>\n\t\t\t\t<\/span><span class='av-structured-data'  itemprop=\"author\" itemscope=\"itemscope\" itemtype=\"https:\/\/schema.org\/Person\" ><span itemprop='name'>AJF Formation<\/span><\/span><span class='av-structured-data'  itemprop=\"datePublished\" datetime=\"2014-06-10T16:17:30+02:00\" >2024-01-29 11:50:21<\/span><span class='av-structured-data'  itemprop=\"dateModified\" itemtype=\"https:\/\/schema.org\/dateModified\" >2025-03-25 11:31:34<\/span><span class='av-structured-data'  itemprop=\"mainEntityOfPage\" itemtype=\"https:\/\/schema.org\/mainEntityOfPage\" ><span itemprop='name'>PRAP<\/span><\/span><\/span><\/article><\/div><div class=\"slide-entry-wrap\"><article class='slide-entry flex_column  post-entry post-entry-2016 slide-entry-overview slide-loop-4 slide-parity-odd  av_one_third first fake-thumbnail posttype-post post-format-standard'  itemscope=\"itemscope\" itemtype=\"https:\/\/schema.org\/CreativeWork\" ><a href='https:\/\/www.ajf-formation.fr\/ajf2\/prevention-des-troubles-musculo-squelettiques-tms\/' data-rel='slide-1' class='slide-image' title='Pr\u00e9vention des Troubles Musculo-Squelettiques (TMS)'><span class='fallback-post-type-icon' aria-hidden='true' data-av_icon='\ue836' data-av_iconfont='entypo-fontello'><\/span><span class='slider-fallback-image'><img loading=\"lazy\" decoding=\"async\" width=\"495\" height=\"400\" src=\"https:\/\/www.ajf-formation.fr\/ajf2\/wp-content\/uploads\/Sauveteur_secouriste_du_travail_Logo.svg-495x400.png\" class=\"wp-image-1331 avia-img-lazy-loading-1331 attachment-portfolio size-portfolio wp-post-image\" alt=\"logo SST\" srcset=\"https:\/\/www.ajf-formation.fr\/ajf2\/wp-content\/uploads\/Sauveteur_secouriste_du_travail_Logo.svg-495x400.png 495w, https:\/\/www.ajf-formation.fr\/ajf2\/wp-content\/uploads\/Sauveteur_secouriste_du_travail_Logo.svg-845x684.png 845w\" sizes=\"auto, (max-width: 495px) 100vw, 495px\" \/><\/span><\/a><div class=\"slide-content\"><header class=\"entry-content-header\"><h3 class='slide-entry-title entry-title '  itemprop=\"headline\" ><a href='https:\/\/www.ajf-formation.fr\/ajf2\/prevention-des-troubles-musculo-squelettiques-tms\/' title='Pr\u00e9vention des Troubles Musculo-Squelettiques (TMS)'>Pr\u00e9vention des Troubles Musculo-Squelettiques (TMS)<\/a><\/h3><span class=\"av-vertical-delimiter\"><\/span><\/header><\/div><footer class=\"entry-footer\"><\/footer><span class='hidden'>\n\t\t\t\t<span class='av-structured-data'  itemprop=\"image\" itemscope=\"itemscope\" itemtype=\"https:\/\/schema.org\/ImageObject\" >\n\t\t\t\t\t\t<span itemprop='url'>https:\/\/www.ajf-formation.fr\/ajf2\/wp-content\/uploads\/ajf-logo-2022-K.png<\/span>\n\t\t\t\t\t\t<span itemprop='height'>0<\/span>\n\t\t\t\t\t\t<span itemprop='width'>0<\/span>\n\t\t\t\t<\/span>\n\t\t\t\t<span class='av-structured-data'  itemprop=\"publisher\" itemtype=\"https:\/\/schema.org\/Organization\" itemscope=\"itemscope\" >\n\t\t\t\t\t\t<span itemprop='name'>AJF Formation<\/span>\n\t\t\t\t\t\t<span itemprop='logo' itemscope itemtype='https:\/\/schema.org\/ImageObject'>\n\t\t\t\t\t\t\t<span itemprop='url'>https:\/\/www.ajf-formation.fr\/ajf2\/wp-content\/uploads\/ajf-logo-2022-K.png<\/span>\n\t\t\t\t\t\t<\/span>\n\t\t\t\t<\/span><span class='av-structured-data'  itemprop=\"author\" itemscope=\"itemscope\" itemtype=\"https:\/\/schema.org\/Person\" ><span itemprop='name'>AJF Formation<\/span><\/span><span class='av-structured-data'  itemprop=\"datePublished\" datetime=\"2014-06-10T16:17:30+02:00\" >2024-01-29 09:31:18<\/span><span class='av-structured-data'  itemprop=\"dateModified\" itemtype=\"https:\/\/schema.org\/dateModified\" >2025-10-28 16:23:01<\/span><span class='av-structured-data'  itemprop=\"mainEntityOfPage\" itemtype=\"https:\/\/schema.org\/mainEntityOfPage\" ><span itemprop='name'>Pr\u00e9vention des Troubles Musculo-Squelettiques (TMS)<\/span><\/span><\/span><\/article><article class='slide-entry flex_column  post-entry post-entry-1332 slide-entry-overview slide-loop-5 slide-parity-even  av_one_third  real-thumbnail posttype-post post-format-standard'  itemscope=\"itemscope\" itemtype=\"https:\/\/schema.org\/CreativeWork\" ><a href='https:\/\/www.ajf-formation.fr\/ajf2\/maintien-et-actualisation-des-competences-en-sauveteur-secouriste-du-travail\/' data-rel='slide-1' class='slide-image' title='Maintien et Actualisation des Comp\u00e9tences  en Sauveteur Secouriste du Travail'><img loading=\"lazy\" decoding=\"async\" width=\"495\" height=\"400\" src=\"https:\/\/www.ajf-formation.fr\/ajf2\/wp-content\/uploads\/Sauveteur_secouriste_du_travail_Logo.svg-495x400.png\" class=\"wp-image-1331 avia-img-lazy-loading-1331 attachment-portfolio size-portfolio wp-post-image\" alt=\"logo SST\" srcset=\"https:\/\/www.ajf-formation.fr\/ajf2\/wp-content\/uploads\/Sauveteur_secouriste_du_travail_Logo.svg-495x400.png 495w, https:\/\/www.ajf-formation.fr\/ajf2\/wp-content\/uploads\/Sauveteur_secouriste_du_travail_Logo.svg-845x684.png 845w\" sizes=\"auto, (max-width: 495px) 100vw, 495px\" \/><\/a><div class=\"slide-content\"><header class=\"entry-content-header\"><h3 class='slide-entry-title entry-title '  itemprop=\"headline\" ><a href='https:\/\/www.ajf-formation.fr\/ajf2\/maintien-et-actualisation-des-competences-en-sauveteur-secouriste-du-travail\/' title='Maintien et Actualisation des Comp\u00e9tences  en Sauveteur Secouriste du Travail'>Maintien et Actualisation des Comp\u00e9tences  en Sauveteur Secouriste du Travail<\/a><\/h3><span class=\"av-vertical-delimiter\"><\/span><\/header><\/div><footer class=\"entry-footer\"><\/footer><span class='hidden'>\n\t\t\t\t<span class='av-structured-data'  itemprop=\"image\" itemscope=\"itemscope\" itemtype=\"https:\/\/schema.org\/ImageObject\" >\n\t\t\t\t\t\t<span itemprop='url'>https:\/\/www.ajf-formation.fr\/ajf2\/wp-content\/uploads\/Sauveteur_secouriste_du_travail_Logo.svg.png<\/span>\n\t\t\t\t\t\t<span itemprop='height'>1200<\/span>\n\t\t\t\t\t\t<span itemprop='width'>1200<\/span>\n\t\t\t\t<\/span>\n\t\t\t\t<span class='av-structured-data'  itemprop=\"publisher\" itemtype=\"https:\/\/schema.org\/Organization\" itemscope=\"itemscope\" >\n\t\t\t\t\t\t<span itemprop='name'>AJF Formation<\/span>\n\t\t\t\t\t\t<span itemprop='logo' itemscope itemtype='https:\/\/schema.org\/ImageObject'>\n\t\t\t\t\t\t\t<span itemprop='url'>https:\/\/www.ajf-formation.fr\/ajf2\/wp-content\/uploads\/ajf-logo-2022-K.png<\/span>\n\t\t\t\t\t\t<\/span>\n\t\t\t\t<\/span><span class='av-structured-data'  itemprop=\"author\" itemscope=\"itemscope\" itemtype=\"https:\/\/schema.org\/Person\" ><span itemprop='name'>AJF Formation<\/span><\/span><span class='av-structured-data'  itemprop=\"datePublished\" datetime=\"2014-06-10T16:17:30+02:00\" >2023-04-11 15:16:20<\/span><span class='av-structured-data'  itemprop=\"dateModified\" itemtype=\"https:\/\/schema.org\/dateModified\" >2025-10-28 14:49:32<\/span><span class='av-structured-data'  itemprop=\"mainEntityOfPage\" itemtype=\"https:\/\/schema.org\/mainEntityOfPage\" ><span itemprop='name'>Maintien et Actualisation des Comp\u00e9tences  en Sauveteur Secouriste du Travail<\/span><\/span><\/span><\/article><article class='slide-entry flex_column  post-entry post-entry-1320 slide-entry-overview slide-loop-6 slide-parity-odd  post-entry-last  av_one_third  real-thumbnail posttype-post post-format-standard'  itemscope=\"itemscope\" itemtype=\"https:\/\/schema.org\/CreativeWork\" ><a href='https:\/\/www.ajf-formation.fr\/ajf2\/sauveteur-secouriste-du-travail\/' data-rel='slide-1' class='slide-image' title='Sauveteur Secouriste du Travail'><img loading=\"lazy\" decoding=\"async\" width=\"495\" height=\"400\" src=\"https:\/\/www.ajf-formation.fr\/ajf2\/wp-content\/uploads\/Sauveteur_secouriste_du_travail_Logo.svg-495x400.png\" class=\"wp-image-1331 avia-img-lazy-loading-1331 attachment-portfolio size-portfolio wp-post-image\" alt=\"logo SST\" srcset=\"https:\/\/www.ajf-formation.fr\/ajf2\/wp-content\/uploads\/Sauveteur_secouriste_du_travail_Logo.svg-495x400.png 495w, https:\/\/www.ajf-formation.fr\/ajf2\/wp-content\/uploads\/Sauveteur_secouriste_du_travail_Logo.svg-845x684.png 845w\" sizes=\"auto, (max-width: 495px) 100vw, 495px\" \/><\/a><div class=\"slide-content\"><header class=\"entry-content-header\"><h3 class='slide-entry-title entry-title '  itemprop=\"headline\" ><a href='https:\/\/www.ajf-formation.fr\/ajf2\/sauveteur-secouriste-du-travail\/' title='Sauveteur Secouriste du Travail'>Sauveteur Secouriste du Travail<\/a><\/h3><span class=\"av-vertical-delimiter\"><\/span><\/header><\/div><footer class=\"entry-footer\"><\/footer><span class='hidden'>\n\t\t\t\t<span class='av-structured-data'  itemprop=\"image\" itemscope=\"itemscope\" itemtype=\"https:\/\/schema.org\/ImageObject\" >\n\t\t\t\t\t\t<span itemprop='url'>https:\/\/www.ajf-formation.fr\/ajf2\/wp-content\/uploads\/Sauveteur_secouriste_du_travail_Logo.svg.png<\/span>\n\t\t\t\t\t\t<span itemprop='height'>1200<\/span>\n\t\t\t\t\t\t<span itemprop='width'>1200<\/span>\n\t\t\t\t<\/span>\n\t\t\t\t<span class='av-structured-data'  itemprop=\"publisher\" itemtype=\"https:\/\/schema.org\/Organization\" itemscope=\"itemscope\" >\n\t\t\t\t\t\t<span itemprop='name'>AJF Formation<\/span>\n\t\t\t\t\t\t<span itemprop='logo' itemscope itemtype='https:\/\/schema.org\/ImageObject'>\n\t\t\t\t\t\t\t<span itemprop='url'>https:\/\/www.ajf-formation.fr\/ajf2\/wp-content\/uploads\/ajf-logo-2022-K.png<\/span>\n\t\t\t\t\t\t<\/span>\n\t\t\t\t<\/span><span class='av-structured-data'  itemprop=\"author\" itemscope=\"itemscope\" itemtype=\"https:\/\/schema.org\/Person\" ><span itemprop='name'>AJF Formation<\/span><\/span><span class='av-structured-data'  itemprop=\"datePublished\" datetime=\"2014-06-10T16:17:30+02:00\" >2023-04-11 14:59:28<\/span><span class='av-structured-data'  itemprop=\"dateModified\" itemtype=\"https:\/\/schema.org\/dateModified\" >2025-10-28 14:47:45<\/span><span class='av-structured-data'  itemprop=\"mainEntityOfPage\" itemtype=\"https:\/\/schema.org\/mainEntityOfPage\" ><span itemprop='name'>Sauveteur Secouriste du Travail<\/span><\/span><\/span><\/article><\/div><\/div><\/div><\/p>\n","protected":false},"excerpt":{"rendered":"","protected":false},"author":1,"featured_media":0,"parent":0,"menu_order":10,"comment_status":"closed","ping_status":"closed","template":"","meta":{"footnotes":""},"class_list":["post-14","page","type-page","status-publish","hentry"],"_links":{"self":[{"href":"https:\/\/www.ajf-formation.fr\/ajf2\/wp-json\/wp\/v2\/pages\/14","targetHints":{"allow":["GET"]}}],"collection":[{"href":"https:\/\/www.ajf-formation.fr\/ajf2\/wp-json\/wp\/v2\/pages"}],"about":[{"href":"https:\/\/www.ajf-formation.fr\/ajf2\/wp-json\/wp\/v2\/types\/page"}],"author":[{"embeddable":true,"href":"https:\/\/www.ajf-formation.fr\/ajf2\/wp-json\/wp\/v2\/users\/1"}],"replies":[{"embeddable":true,"href":"https:\/\/www.ajf-formation.fr\/ajf2\/wp-json\/wp\/v2\/comments?post=14"}],"version-history":[{"count":1,"href":"https:\/\/www.ajf-formation.fr\/ajf2\/wp-json\/wp\/v2\/pages\/14\/revisions"}],"predecessor-version":[{"id":2195,"href":"https:\/\/www.ajf-formation.fr\/ajf2\/wp-json\/wp\/v2\/pages\/14\/revisions\/2195"}],"wp:attachment":[{"href":"https:\/\/www.ajf-formation.fr\/ajf2\/wp-json\/wp\/v2\/media?parent=14"}],"curies":[{"name":"wp","href":"https:\/\/api.w.org\/{rel}","templated":true}]}}